{"id":9478,"date":"2021-06-24T11:53:25","date_gmt":"2021-06-24T14:53:25","guid":{"rendered":"https:\/\/iesp.bemvindo.co\/pesquisador\/diogo-silva-correa\/"},"modified":"2022-05-18T13:55:47","modified_gmt":"2022-05-18T16:55:47","slug":"diogo-silva-correa","status":"publish","type":"pesquisador","link":"https:\/\/iesp.uerj.br\/en\/pesquisador\/diogo-silva-correa\/","title":{"rendered":"Diogo Silva Corr\u00eaa"},"content":{"rendered":"<p>\u00c9 professor do programa de p\u00f3s-gradua\u00e7\u00e3o em Sociologia Pol\u00edtica da Universidade de Vila Velha (UVV). \u00c9 doutor em sociologia pela \u00c9cole des Hautes \u00c9tudes en Sciences Sociales (EHESS) e pela Universidade do Estado do Rio de Janeiro (IESP-UERJ), em regime de co-tutela, tendo realizado um est\u00e1gio doutoral no Groupe de Sociologie Pragmatique et Reflexive (GSPR-EHESS) e no Laboratoire d&#8217;\u00c9tudes Interdisciplinaires sur les Reflexivit\u00e9s (LIER). \u00c9 pesquisador associado do Centre d&#8217;\u00c9tudes des Mouvements Sociaux (CEMS) e do Laborat\u00f3rio de Estudos de Teoria e Mudan\u00e7a Social (Labemus). Fez p\u00f3s-doutorando, com bolsa faperj nota 10, em sociologia no Instituo de Estudos Sociais e Pol\u00edticos da Universidade do Estado do Rio de Janeiro (IESP-UERJ) e na Universidade Federal do Rio de Janeiro (IFCS-UFRJ). Suas atuais \u00e1reas de interesse s\u00e3o: Teoria social e sociologia contempor\u00e2nea, especialmente aquela p\u00f3s-gera\u00e7\u00e3o de Pierre Bourdieu (Luc Boltanski, Laurent Th\u00e9venot, Nathalie Heinich, Louis Quer\u00e9, Bernard Lahire, Daniel Cefa\u00ef, Francis Chateauraynaud, etc.). Sociologia dos problemas \u00edntimos, dos processos de convers\u00e3o ou de mudan\u00e7a de vida. Sociologia das rupturas biogr\u00e1ficas.<span class=\"texto\">\u00a0<\/span><\/p>\n","protected":false},"featured_media":1484,"template":"","vincula\u00e7\u00e3o":[],"area":[],"cargo_diretoria":[],"blocksy_meta":{"styles_descriptor":{"styles":{"desktop":"","tablet":"","mobile":""},"google_fonts":[],"version":5}},"acf":[],"yoast_head":"<!-- This site is optimized with the Yoast SEO plugin v20.3 - https:\/\/yoast.com\/wordpress\/plugins\/seo\/ -->\n<title>Diogo Silva Corr\u00eaa - IESP<\/title>\n<meta name=\"robots\" content=\"index, follow, max-snippet:-1, max-image-preview:large, max-video-preview:-1\" \/>\n<link rel=\"canonical\" href=\"https:\/\/iesp.uerj.br\/en\/pesquisador\/diogo-silva-correa\/\" \/>\n<meta property=\"og:locale\" content=\"en_US\" \/>\n<meta property=\"og:type\" content=\"article\" \/>\n<meta property=\"og:title\" content=\"Diogo Silva Corr\u00eaa - IESP\" \/>\n<meta property=\"og:description\" content=\"\u00c9 professor do programa de p\u00f3s-gradua\u00e7\u00e3o em Sociologia Pol\u00edtica da Universidade de Vila Velha (UVV). \u00c9 doutor em sociologia pela \u00c9cole des Hautes \u00c9tudes en Sciences Sociales (EHESS) e pela Universidade do Estado do Rio de Janeiro (IESP-UERJ), em regime de co-tutela, tendo realizado um est\u00e1gio doutoral no Groupe de Sociologie Pragmatique et Reflexive (GSPR-EHESS) e no Laboratoire d&#8217;\u00c9tudes Interdisciplinaires sur les Reflexivit\u00e9s (LIER). \u00c9 pesquisador associado do Centre d&#8217;\u00c9tudes des Mouvements Sociaux (CEMS) e do Laborat\u00f3rio de Estudos de Teoria e Mudan\u00e7a Social (Labemus). Fez p\u00f3s-doutorando, com bolsa faperj nota 10, em sociologia no Instituo de Estudos Sociais e\u2026\" \/>\n<meta property=\"og:url\" content=\"https:\/\/iesp.uerj.br\/en\/pesquisador\/diogo-silva-correa\/\" \/>\n<meta property=\"og:site_name\" content=\"IESP\" \/>\n<meta property=\"article:modified_time\" content=\"2022-05-18T16:55:47+00:00\" \/>\n<meta property=\"og:image\" content=\"https:\/\/iesp.uerj.br\/wp-content\/uploads\/2015\/05\/sem_foto_homem.png\" \/>\n\t<meta property=\"og:image:width\" content=\"120\" \/>\n\t<meta property=\"og:image:height\" content=\"120\" \/>\n\t<meta property=\"og:image:type\" content=\"image\/png\" \/>\n<meta name=\"twitter:card\" content=\"summary_large_image\" \/>\n<meta name=\"twitter:label1\" content=\"Est. reading time\" \/>\n\t<meta name=\"twitter:data1\" content=\"1 minute\" \/>\n<script type=\"application\/ld+json\" class=\"yoast-schema-graph\">{\"@context\":\"https:\/\/schema.org\",\"@graph\":[{\"@type\":\"WebPage\",\"@id\":\"https:\/\/iesp.uerj.br\/en\/pesquisador\/diogo-silva-correa\/\",\"url\":\"https:\/\/iesp.uerj.br\/en\/pesquisador\/diogo-silva-correa\/\",\"name\":\"Diogo Silva Corr\u00eaa - IESP\",\"isPartOf\":{\"@id\":\"\/#website\"},\"datePublished\":\"2021-06-24T14:53:25+00:00\",\"dateModified\":\"2022-05-18T16:55:47+00:00\",\"breadcrumb\":{\"@id\":\"https:\/\/iesp.uerj.br\/en\/pesquisador\/diogo-silva-correa\/#breadcrumb\"},\"inLanguage\":\"en-US\",\"potentialAction\":[{\"@type\":\"ReadAction\",\"target\":[\"https:\/\/iesp.uerj.br\/en\/pesquisador\/diogo-silva-correa\/\"]}]},{\"@type\":\"BreadcrumbList\",\"@id\":\"https:\/\/iesp.uerj.br\/en\/pesquisador\/diogo-silva-correa\/#breadcrumb\",\"itemListElement\":[{\"@type\":\"ListItem\",\"position\":1,\"name\":\"In\u00edcio\",\"item\":\"https:\/\/iesp.uerj.br\/en\/\"},{\"@type\":\"ListItem\",\"position\":2,\"name\":\"Diogo Silva Corr\u00eaa\"}]},{\"@type\":\"WebSite\",\"@id\":\"\/#website\",\"url\":\"\/\",\"name\":\"IESP\",\"description\":\"Instituto de Estudos Sociais e Pol\u00edticos\",\"publisher\":{\"@id\":\"\/#organization\"},\"potentialAction\":[{\"@type\":\"SearchAction\",\"target\":{\"@type\":\"EntryPoint\",\"urlTemplate\":\"\/?s={search_term_string}\"},\"query-input\":\"required name=search_term_string\"}],\"inLanguage\":\"en-US\"},{\"@type\":\"Organization\",\"@id\":\"\/#organization\",\"name\":\"IESP\",\"url\":\"\/\",\"logo\":{\"@type\":\"ImageObject\",\"inLanguage\":\"en-US\",\"@id\":\"\/#\/schema\/logo\/image\/\",\"url\":\"https:\/\/iesp.uerj.br\/wp-content\/uploads\/2022\/07\/Logo-iesp-uerj-azul.svg\",\"contentUrl\":\"https:\/\/iesp.uerj.br\/wp-content\/uploads\/2022\/07\/Logo-iesp-uerj-azul.svg\",\"caption\":\"IESP\"},\"image\":{\"@id\":\"\/#\/schema\/logo\/image\/\"}}]}<\/script>\n<!-- \/ Yoast SEO plugin. -->","yoast_head_json":{"title":"Diogo Silva Corr\u00eaa - IESP","robots":{"index":"index","follow":"follow","max-snippet":"max-snippet:-1","max-image-preview":"max-image-preview:large","max-video-preview":"max-video-preview:-1"},"canonical":"https:\/\/iesp.uerj.br\/en\/pesquisador\/diogo-silva-correa\/","og_locale":"en_US","og_type":"article","og_title":"Diogo Silva Corr\u00eaa - IESP","og_description":"\u00c9 professor do programa de p\u00f3s-gradua\u00e7\u00e3o em Sociologia Pol\u00edtica da Universidade de Vila Velha (UVV). \u00c9 doutor em sociologia pela \u00c9cole des Hautes \u00c9tudes en Sciences Sociales (EHESS) e pela Universidade do Estado do Rio de Janeiro (IESP-UERJ), em regime de co-tutela, tendo realizado um est\u00e1gio doutoral no Groupe de Sociologie Pragmatique et Reflexive (GSPR-EHESS) e no Laboratoire d&#8217;\u00c9tudes Interdisciplinaires sur les Reflexivit\u00e9s (LIER). \u00c9 pesquisador associado do Centre d&#8217;\u00c9tudes des Mouvements Sociaux (CEMS) e do Laborat\u00f3rio de Estudos de Teoria e Mudan\u00e7a Social (Labemus). Fez p\u00f3s-doutorando, com bolsa faperj nota 10, em sociologia no Instituo de Estudos Sociais e\u2026","og_url":"https:\/\/iesp.uerj.br\/en\/pesquisador\/diogo-silva-correa\/","og_site_name":"IESP","article_modified_time":"2022-05-18T16:55:47+00:00","og_image":[{"width":120,"height":120,"url":"https:\/\/iesp.uerj.br\/wp-content\/uploads\/2015\/05\/sem_foto_homem.png","type":"image\/png"}],"twitter_card":"summary_large_image","twitter_misc":{"Est. reading time":"1 minute"},"schema":{"@context":"https:\/\/schema.org","@graph":[{"@type":"WebPage","@id":"https:\/\/iesp.uerj.br\/en\/pesquisador\/diogo-silva-correa\/","url":"https:\/\/iesp.uerj.br\/en\/pesquisador\/diogo-silva-correa\/","name":"Diogo Silva Corr\u00eaa - IESP","isPartOf":{"@id":"\/#website"},"datePublished":"2021-06-24T14:53:25+00:00","dateModified":"2022-05-18T16:55:47+00:00","breadcrumb":{"@id":"https:\/\/iesp.uerj.br\/en\/pesquisador\/diogo-silva-correa\/#breadcrumb"},"inLanguage":"en-US","potentialAction":[{"@type":"ReadAction","target":["https:\/\/iesp.uerj.br\/en\/pesquisador\/diogo-silva-correa\/"]}]},{"@type":"BreadcrumbList","@id":"https:\/\/iesp.uerj.br\/en\/pesquisador\/diogo-silva-correa\/#breadcrumb","itemListElement":[{"@type":"ListItem","position":1,"name":"In\u00edcio","item":"https:\/\/iesp.uerj.br\/en\/"},{"@type":"ListItem","position":2,"name":"Diogo Silva Corr\u00eaa"}]},{"@type":"WebSite","@id":"\/#website","url":"\/","name":"IESP","description":"Instituto de Estudos Sociais e Pol\u00edticos","publisher":{"@id":"\/#organization"},"potentialAction":[{"@type":"SearchAction","target":{"@type":"EntryPoint","urlTemplate":"\/?s={search_term_string}"},"query-input":"required name=search_term_string"}],"inLanguage":"en-US"},{"@type":"Organization","@id":"\/#organization","name":"IESP","url":"\/","logo":{"@type":"ImageObject","inLanguage":"en-US","@id":"\/#\/schema\/logo\/image\/","url":"https:\/\/iesp.uerj.br\/wp-content\/uploads\/2022\/07\/Logo-iesp-uerj-azul.svg","contentUrl":"https:\/\/iesp.uerj.br\/wp-content\/uploads\/2022\/07\/Logo-iesp-uerj-azul.svg","caption":"IESP"},"image":{"@id":"\/#\/schema\/logo\/image\/"}}]}},"_links":{"self":[{"href":"https:\/\/iesp.uerj.br\/en\/wp-json\/wp\/v2\/pesquisador\/9478"}],"collection":[{"href":"https:\/\/iesp.uerj.br\/en\/wp-json\/wp\/v2\/pesquisador"}],"about":[{"href":"https:\/\/iesp.uerj.br\/en\/wp-json\/wp\/v2\/types\/pesquisador"}],"wp:featuredmedia":[{"embeddable":true,"href":"https:\/\/iesp.uerj.br\/en\/wp-json\/wp\/v2\/media\/1484"}],"wp:attachment":[{"href":"https:\/\/iesp.uerj.br\/en\/wp-json\/wp\/v2\/media?parent=9478"}],"wp:term":[{"taxonomy":"vincula\u00e7\u00e3o","embeddable":true,"href":"https:\/\/iesp.uerj.br\/en\/wp-json\/wp\/v2\/vincula\u00e7\u00e3o?post=9478"},{"taxonomy":"area","embeddable":true,"href":"https:\/\/iesp.uerj.br\/en\/wp-json\/wp\/v2\/area?post=9478"},{"taxonomy":"cargo_diretoria","embeddable":true,"href":"https:\/\/iesp.uerj.br\/en\/wp-json\/wp\/v2\/cargo_diretoria?post=9478"}],"curies":[{"name":"wp","href":"https:\/\/api.w.org\/{rel}","templated":true}]}}