{"id":9251,"date":"2021-06-22T16:22:10","date_gmt":"2021-06-22T19:22:10","guid":{"rendered":"https:\/\/iesp.bemvindo.co\/pesquisador\/cristina-buarque-de-hollanda\/"},"modified":"2025-03-19T23:51:59","modified_gmt":"2025-03-20T02:51:59","slug":"cristina-buarque-de-hollanda","status":"publish","type":"pesquisador","link":"https:\/\/iesp.uerj.br\/en\/pesquisador\/cristina-buarque-de-hollanda\/","title":{"rendered":"Cristina Buarque de Hollanda"},"content":{"rendered":"<p>Possui gradua\u00e7\u00e3o e licenciatura em Ci\u00eancias Sociais pela Universidade Federal do Rio de Janeiro (UFRJ) (2000), mestrado (2003) e doutorado (2007) em Ci\u00eancia Pol\u00edtica pelo Instituto Universit\u00e1rio de Pesquisas do Rio de Janeiro (IUPERJ), com per\u00edodo de extens\u00e3o na Universit\u00e0 Degli Studi di Padova, na It\u00e1lia. Foi professora adjunta do Departamento de Ci\u00eancia Pol\u00edtica da UFRJ, do Programa de P\u00f3s-Gradua\u00e7\u00e3o em Hist\u00f3ria Comparada da mesma institui\u00e7\u00e3o e do Programa de P\u00f3s-Gradua\u00e7\u00e3o em Ci\u00eancia Pol\u00edtica da Universidade Federal Fluminense (UFF). Atualmente, \u00e9 professora no Instituto de Estudos Sociais e Pol\u00edticos da Universidade do Estado do Rio de Janeiro (IESP-UERJ), coordenadora do N\u00facleo de Estudos em Teoria Pol\u00edtica (NUTEP) e editora da Revista Estudos Pol\u00edticos. Tem os seguintes livros publicados: Pol\u00edcia e Direitos Humanos: Pol\u00edtica de Seguran\u00e7a P\u00fablica no Primeiro governo Brizola (1983-1986) (Rio de Janeiro: Editora Revan, 2005), Modos da Representa\u00e7\u00e3o Pol\u00edtica: o experimento da Primeira Rep\u00fablica brasileira (Belo Horizonte: Editora UFMG, 2009) e Teoria das Elites (Rio de Janeiro: Zahar, 2011).<\/p>\n","protected":false},"featured_media":1595,"template":"","vincula\u00e7\u00e3o":[72],"area":[78],"cargo_diretoria":[],"blocksy_meta":{"styles_descriptor":{"styles":{"desktop":"","tablet":"","mobile":""},"google_fonts":[],"version":5}},"acf":[],"yoast_head":"<!-- This site is optimized with the Yoast SEO plugin v20.3 - https:\/\/yoast.com\/wordpress\/plugins\/seo\/ -->\n<title>Cristina Buarque de Hollanda - IESP<\/title>\n<meta name=\"robots\" content=\"index, follow, max-snippet:-1, max-image-preview:large, max-video-preview:-1\" \/>\n<link rel=\"canonical\" href=\"https:\/\/iesp.uerj.br\/en\/pesquisador\/cristina-buarque-de-hollanda\/\" \/>\n<meta property=\"og:locale\" content=\"en_US\" \/>\n<meta property=\"og:type\" content=\"article\" \/>\n<meta property=\"og:title\" content=\"Cristina Buarque de Hollanda - IESP\" \/>\n<meta property=\"og:description\" content=\"Possui gradua\u00e7\u00e3o e licenciatura em Ci\u00eancias Sociais pela Universidade Federal do Rio de Janeiro (UFRJ) (2000), mestrado (2003) e doutorado (2007) em Ci\u00eancia Pol\u00edtica pelo Instituto Universit\u00e1rio de Pesquisas do Rio de Janeiro (IUPERJ), com per\u00edodo de extens\u00e3o na Universit\u00e0 Degli Studi di Padova, na It\u00e1lia. Foi professora adjunta do Departamento de Ci\u00eancia Pol\u00edtica da UFRJ, do Programa de P\u00f3s-Gradua\u00e7\u00e3o em Hist\u00f3ria Comparada da mesma institui\u00e7\u00e3o e do Programa de P\u00f3s-Gradua\u00e7\u00e3o em Ci\u00eancia Pol\u00edtica da Universidade Federal Fluminense (UFF). Atualmente, \u00e9 professora no Instituto de Estudos Sociais e Pol\u00edticos da Universidade do Estado do Rio de Janeiro (IESP-UERJ), coordenadora do\u2026\" \/>\n<meta property=\"og:url\" content=\"https:\/\/iesp.uerj.br\/en\/pesquisador\/cristina-buarque-de-hollanda\/\" \/>\n<meta property=\"og:site_name\" content=\"IESP\" \/>\n<meta property=\"article:modified_time\" content=\"2025-03-20T02:51:59+00:00\" \/>\n<meta property=\"og:image\" content=\"https:\/\/iesp.uerj.br\/wp-content\/uploads\/2015\/07\/Cris.png\" \/>\n\t<meta property=\"og:image:width\" content=\"120\" \/>\n\t<meta property=\"og:image:height\" content=\"120\" \/>\n\t<meta property=\"og:image:type\" content=\"image\/png\" \/>\n<meta name=\"twitter:card\" content=\"summary_large_image\" \/>\n<meta name=\"twitter:label1\" content=\"Est. reading time\" \/>\n\t<meta name=\"twitter:data1\" content=\"1 minute\" \/>\n<script type=\"application\/ld+json\" class=\"yoast-schema-graph\">{\"@context\":\"https:\/\/schema.org\",\"@graph\":[{\"@type\":\"WebPage\",\"@id\":\"https:\/\/iesp.uerj.br\/en\/pesquisador\/cristina-buarque-de-hollanda\/\",\"url\":\"https:\/\/iesp.uerj.br\/en\/pesquisador\/cristina-buarque-de-hollanda\/\",\"name\":\"Cristina Buarque de Hollanda - IESP\",\"isPartOf\":{\"@id\":\"\/#website\"},\"datePublished\":\"2021-06-22T19:22:10+00:00\",\"dateModified\":\"2025-03-20T02:51:59+00:00\",\"breadcrumb\":{\"@id\":\"https:\/\/iesp.uerj.br\/en\/pesquisador\/cristina-buarque-de-hollanda\/#breadcrumb\"},\"inLanguage\":\"en-US\",\"potentialAction\":[{\"@type\":\"ReadAction\",\"target\":[\"https:\/\/iesp.uerj.br\/en\/pesquisador\/cristina-buarque-de-hollanda\/\"]}]},{\"@type\":\"BreadcrumbList\",\"@id\":\"https:\/\/iesp.uerj.br\/en\/pesquisador\/cristina-buarque-de-hollanda\/#breadcrumb\",\"itemListElement\":[{\"@type\":\"ListItem\",\"position\":1,\"name\":\"In\u00edcio\",\"item\":\"https:\/\/iesp.uerj.br\/en\/\"},{\"@type\":\"ListItem\",\"position\":2,\"name\":\"Cristina Buarque de Hollanda\"}]},{\"@type\":\"WebSite\",\"@id\":\"\/#website\",\"url\":\"\/\",\"name\":\"IESP\",\"description\":\"Instituto de Estudos Sociais e Pol\u00edticos\",\"publisher\":{\"@id\":\"\/#organization\"},\"potentialAction\":[{\"@type\":\"SearchAction\",\"target\":{\"@type\":\"EntryPoint\",\"urlTemplate\":\"\/?s={search_term_string}\"},\"query-input\":\"required name=search_term_string\"}],\"inLanguage\":\"en-US\"},{\"@type\":\"Organization\",\"@id\":\"\/#organization\",\"name\":\"IESP\",\"url\":\"\/\",\"logo\":{\"@type\":\"ImageObject\",\"inLanguage\":\"en-US\",\"@id\":\"\/#\/schema\/logo\/image\/\",\"url\":\"https:\/\/iesp.uerj.br\/wp-content\/uploads\/2022\/07\/Logo-iesp-uerj-azul.svg\",\"contentUrl\":\"https:\/\/iesp.uerj.br\/wp-content\/uploads\/2022\/07\/Logo-iesp-uerj-azul.svg\",\"caption\":\"IESP\"},\"image\":{\"@id\":\"\/#\/schema\/logo\/image\/\"}}]}<\/script>\n<!-- \/ Yoast SEO plugin. -->","yoast_head_json":{"title":"Cristina Buarque de Hollanda - IESP","robots":{"index":"index","follow":"follow","max-snippet":"max-snippet:-1","max-image-preview":"max-image-preview:large","max-video-preview":"max-video-preview:-1"},"canonical":"https:\/\/iesp.uerj.br\/en\/pesquisador\/cristina-buarque-de-hollanda\/","og_locale":"en_US","og_type":"article","og_title":"Cristina Buarque de Hollanda - IESP","og_description":"Possui gradua\u00e7\u00e3o e licenciatura em Ci\u00eancias Sociais pela Universidade Federal do Rio de Janeiro (UFRJ) (2000), mestrado (2003) e doutorado (2007) em Ci\u00eancia Pol\u00edtica pelo Instituto Universit\u00e1rio de Pesquisas do Rio de Janeiro (IUPERJ), com per\u00edodo de extens\u00e3o na Universit\u00e0 Degli Studi di Padova, na It\u00e1lia. Foi professora adjunta do Departamento de Ci\u00eancia Pol\u00edtica da UFRJ, do Programa de P\u00f3s-Gradua\u00e7\u00e3o em Hist\u00f3ria Comparada da mesma institui\u00e7\u00e3o e do Programa de P\u00f3s-Gradua\u00e7\u00e3o em Ci\u00eancia Pol\u00edtica da Universidade Federal Fluminense (UFF). Atualmente, \u00e9 professora no Instituto de Estudos Sociais e Pol\u00edticos da Universidade do Estado do Rio de Janeiro (IESP-UERJ), coordenadora do\u2026","og_url":"https:\/\/iesp.uerj.br\/en\/pesquisador\/cristina-buarque-de-hollanda\/","og_site_name":"IESP","article_modified_time":"2025-03-20T02:51:59+00:00","og_image":[{"width":120,"height":120,"url":"https:\/\/iesp.uerj.br\/wp-content\/uploads\/2015\/07\/Cris.png","type":"image\/png"}],"twitter_card":"summary_large_image","twitter_misc":{"Est. reading time":"1 minute"},"schema":{"@context":"https:\/\/schema.org","@graph":[{"@type":"WebPage","@id":"https:\/\/iesp.uerj.br\/en\/pesquisador\/cristina-buarque-de-hollanda\/","url":"https:\/\/iesp.uerj.br\/en\/pesquisador\/cristina-buarque-de-hollanda\/","name":"Cristina Buarque de Hollanda - IESP","isPartOf":{"@id":"\/#website"},"datePublished":"2021-06-22T19:22:10+00:00","dateModified":"2025-03-20T02:51:59+00:00","breadcrumb":{"@id":"https:\/\/iesp.uerj.br\/en\/pesquisador\/cristina-buarque-de-hollanda\/#breadcrumb"},"inLanguage":"en-US","potentialAction":[{"@type":"ReadAction","target":["https:\/\/iesp.uerj.br\/en\/pesquisador\/cristina-buarque-de-hollanda\/"]}]},{"@type":"BreadcrumbList","@id":"https:\/\/iesp.uerj.br\/en\/pesquisador\/cristina-buarque-de-hollanda\/#breadcrumb","itemListElement":[{"@type":"ListItem","position":1,"name":"In\u00edcio","item":"https:\/\/iesp.uerj.br\/en\/"},{"@type":"ListItem","position":2,"name":"Cristina Buarque de Hollanda"}]},{"@type":"WebSite","@id":"\/#website","url":"\/","name":"IESP","description":"Instituto de Estudos Sociais e Pol\u00edticos","publisher":{"@id":"\/#organization"},"potentialAction":[{"@type":"SearchAction","target":{"@type":"EntryPoint","urlTemplate":"\/?s={search_term_string}"},"query-input":"required name=search_term_string"}],"inLanguage":"en-US"},{"@type":"Organization","@id":"\/#organization","name":"IESP","url":"\/","logo":{"@type":"ImageObject","inLanguage":"en-US","@id":"\/#\/schema\/logo\/image\/","url":"https:\/\/iesp.uerj.br\/wp-content\/uploads\/2022\/07\/Logo-iesp-uerj-azul.svg","contentUrl":"https:\/\/iesp.uerj.br\/wp-content\/uploads\/2022\/07\/Logo-iesp-uerj-azul.svg","caption":"IESP"},"image":{"@id":"\/#\/schema\/logo\/image\/"}}]}},"_links":{"self":[{"href":"https:\/\/iesp.uerj.br\/en\/wp-json\/wp\/v2\/pesquisador\/9251"}],"collection":[{"href":"https:\/\/iesp.uerj.br\/en\/wp-json\/wp\/v2\/pesquisador"}],"about":[{"href":"https:\/\/iesp.uerj.br\/en\/wp-json\/wp\/v2\/types\/pesquisador"}],"wp:featuredmedia":[{"embeddable":true,"href":"https:\/\/iesp.uerj.br\/en\/wp-json\/wp\/v2\/media\/1595"}],"wp:attachment":[{"href":"https:\/\/iesp.uerj.br\/en\/wp-json\/wp\/v2\/media?parent=9251"}],"wp:term":[{"taxonomy":"vincula\u00e7\u00e3o","embeddable":true,"href":"https:\/\/iesp.uerj.br\/en\/wp-json\/wp\/v2\/vincula\u00e7\u00e3o?post=9251"},{"taxonomy":"area","embeddable":true,"href":"https:\/\/iesp.uerj.br\/en\/wp-json\/wp\/v2\/area?post=9251"},{"taxonomy":"cargo_diretoria","embeddable":true,"href":"https:\/\/iesp.uerj.br\/en\/wp-json\/wp\/v2\/cargo_diretoria?post=9251"}],"curies":[{"name":"wp","href":"https:\/\/api.w.org\/{rel}","templated":true}]}}