{"id":18923,"date":"2022-05-12T15:47:36","date_gmt":"2022-05-12T18:47:36","guid":{"rendered":"http:\/\/iesp.uerj.br\/teses-e-dissertacoes\/teses-ciencia-politica\/"},"modified":"2022-05-12T17:54:48","modified_gmt":"2022-05-12T20:54:48","slug":"political-science-phd-theses","status":"publish","type":"page","link":"https:\/\/iesp.uerj.br\/en\/phd-and-master-dissertations\/political-science-phd-theses\/","title":{"rendered":"Political Science PhD Theses"},"content":{"rendered":"\n<div class=\"wp-block-ep-tabs ep_tabs_wrapper__66cf3ace-bc85-4d95-b7cc-77c1d8970afc\"><div class=\"ep_tabs_root ep_tabs_top\" data-autoplay=\"false\" data-delay=\"1000\"><div class=\"ep_tabs_header \"><a href=\"#ep_tab_wrapper__9cb84adf-25a6-4ee2-86ea-e22edc77f7c4\" class=\"ep_label_main\"><span class=\"ep_label\">2020<\/span><\/a><a href=\"#ep_tab_wrapper__2e5e32d8-8840-4754-9841-04bb92c68bcb\" class=\"ep_label_main\"><span class=\"ep_label\">2019<\/span><\/a><a href=\"#ep_tab_wrapper__79f056b2-7f63-4431-b88b-18516c4f909c\" class=\"ep_label_main\"><span class=\"ep_label\">2018<\/span><\/a><a href=\"#ep_tab_wrapper__524008d4-7ef8-470d-a17d-38be52ef4ec6\" class=\"ep_label_main\"><span class=\"ep_label\">2017<\/span><\/a><a href=\"#ep_tab_wrapper__37e743d4-a48c-473d-a933-3a15197881a2\" class=\"ep_label_main\"><span class=\"ep_label\">2016<\/span><\/a><a href=\"#ep_tab_wrapper__648a2ec0-c3fe-4296-9615-295ecb36c4cb\" class=\"ep_label_main\"><span class=\"ep_label\">2015<\/span><\/a><a href=\"#ep_tab_wrapper__9811ae27-689d-4ea4-826a-ce4fce3ab9d8\" class=\"ep_label_main\"><span class=\"ep_label\">2014<\/span><\/a><a href=\"#ep_tab_wrapper__e986553a-f332-4944-b2c5-a22c16af379f\" class=\"ep_label_main\"><span class=\"ep_label\">2013<\/span><\/a><\/div><div class=\"ep_tabs_wrapper undefined\">\n<div id=\"ep_tab_wrapper__9cb84adf-25a6-4ee2-86ea-e22edc77f7c4\" class=\"ep_tab_item_wrapper ep_tab_wrapper__9cb84adf-25a6-4ee2-86ea-e22edc77f7c4 undefined\">\n<p class=\" eplus-wrapper\"><strong>Marianna Restum Antonio de Albuquerque&nbsp;<\/strong>\u2013&nbsp;10 de Janeiro de 2020<strong><br><\/strong>Pot\u00eancias M\u00e9dias Emergentes e Uso da For\u00e7a: Brasil e \u00cdndia no Conselho de Seguran\u00e7a das Na\u00e7\u00f5es Unidas (1946-2012)<\/p>\n\n\n\n<p class=\" eplus-wrapper\">Banca: Maria Regina Soares de Lima (Orientadora), Carlos Roberto Sanchez Milani (Presidente), Leticia de Abreu Pinheiro, Gelson Fonseca J\u00fanior, Leonardo Valente Monteiro e Rubens de Siqueira Duarte.<\/p>\n\n\n\n<p class=\" eplus-wrapper\"><strong>Tim\u00f3teo Saba M\u2019bunde&nbsp;<\/strong>\u2013 27 de Mar\u00e7o de 2020<\/p>\n\n\n\n<p class=\" eplus-wrapper\">Efeitos pol\u00edticos e institucionais da coopera\u00e7\u00e3o de Brasil, China e Portugal em Cabo Verde e Guin\u00e9-Bissau<\/p>\n\n\n\n<p class=\" eplus-wrapper\">Banca: Carlos Roberto Sanchez Milani (Orientador), Maria Regina Soares de Lima (Presidente), Miriam Gomes Saraiva, Mar\u00eda del Carmen Villarreal Villamar e Monica Ellen Seabra Hirst.<\/p>\n\n\n\n<p class=\" eplus-wrapper\"><strong>Alessandro Michael Cunha Amorim<\/strong>&nbsp;\u2013&nbsp;29 de Abril de 2020<\/p>\n\n\n\n<p class=\" eplus-wrapper\">Para al\u00e9m da democracia liberal: a constru\u00e7\u00e3o de modelos alternativos na Venezuela, Bol\u00edvia e Equador<\/p>\n\n\n\n<p class=\" eplus-wrapper\">Banca: San Romanelli Assump\u00e7\u00e3o (Orientadora), Fabiano Guilherme Mendes Santos (Presidente), Fabr\u00edcio Pereira da Silva, Luis Felipe Miguel e Gabriel Eduardo Vitullo.<\/p>\n\n\n\n<p class=\" eplus-wrapper\"><strong>Marcelo Barbosa Miranda Borel&nbsp;<\/strong>\u2013 14 de Maio de 2020<\/p>\n\n\n\n<p class=\" eplus-wrapper\">A Legitimidade da Viol\u00eancia Como Instrumento de A\u00e7\u00e3o Pol\u00edtica: Terrorismo e o Estado Isl\u00e2mico no Iraque e al-Sh\u0101m<\/p>\n\n\n\n<p class=\" eplus-wrapper\">Banca: San Romanelli Assump\u00e7\u00e3o (Orientadora), Breno Marques Bringel (Presidente), Cicero Rom\u00e3o Resende de Araujo, Roberta Kelly Soromenho Nicolete e Simone da Silva Ribeiro Gomes.<\/p>\n\n\n\n<p class=\" eplus-wrapper\"><strong>Tamyres Ravache Alves de Marco&nbsp;<\/strong>\u2013 27 de Maio de 2020<\/p>\n\n\n\n<p class=\" eplus-wrapper\">Origens do Desenvolvimentismo no Pensamento Pol\u00edtico Brasileiro \u2013 Azevedo Amaral um Desenvolvimentista das Origens<\/p>\n\n\n\n<p class=\" eplus-wrapper\">Banca: Luiz Fernando Rodrigues de Paula (Orientador), Christian Edward Cyril Lynch (Presidente), Ricardo Alberto Bielschowsky, Darlan Ferreira Montenegro e Paulo Henrique Paschoeto Cassimiro.<\/p>\n\n\n\n<p class=\" eplus-wrapper\"><strong>Pablo de Moura Nunes de Oliveira&nbsp;<\/strong>\u2013 10 de Junho de 2020<\/p>\n\n\n\n<p class=\" eplus-wrapper\">\u201cFala morador!\u201d A periferia na esfera p\u00fablica e a viol\u00eancia urbana nas p\u00e1ginas hiperlocais<\/p>\n\n\n\n<p class=\" eplus-wrapper\">Banca: San Romanelli Assump\u00e7\u00e3o (Orientadora), Luiz Augusto de Souza Carneiro de Campos (Presidente), Doriam Luis Borges de Melo, M\u00e1rcio Moretto Ribeiro, Jonas Marcondes Sarubi de Medeiros e Samira Bueno Nunes.<\/p>\n\n\n\n<p class=\" eplus-wrapper\"><strong>Jo\u00e3o Rafael Gualberto de Souza Morais&nbsp;<\/strong>\u2013 17 de Junho de 2020<\/p>\n\n\n\n<p class=\" eplus-wrapper\">Estado de Viol\u00eancia Brasileiro: uma hip\u00f3tese sobre a&nbsp;<em>crise<\/em>&nbsp;de Seguran\u00e7a P\u00fablica<\/p>\n\n\n\n<p class=\" eplus-wrapper\">Banca: Pedro Herm\u00edlio Villas B\u00f4as Castelo Branco (Orientador), Frederico Carlos de S\u00e1 Costa (Coorientador), Maria Regina Soares de Lima (Presidente), Leticia de Abreu Pinheiro, Jacqueline de Oliveira Muniz e Uvanderson Vitor da Silva.<\/p>\n\n\n\n<p class=\" eplus-wrapper\"><strong>Rodolfo Scotelaro Porto Darrieux&nbsp;<\/strong>\u2013 15 de Julho de 2020<\/p>\n\n\n\n<p class=\" eplus-wrapper\">Determinantes do sucesso legislativo parlamentar na C\u00e2mara de Deputados do Brasil<\/p>\n\n\n\n<p class=\" eplus-wrapper\">Banca: Fernando Henrique Eduardo Guarnieri (Orientador), Fabiano Guilherme Mendes Santos (Presidente), Argelina Maria Cheibub Figueiredo, Charles Freitas Pessanha e Paolo Ricci.<\/p>\n\n\n\n<p class=\" eplus-wrapper\"><strong>Pedro Paiva Marreca&nbsp;<\/strong>\u2013 05 de Agosto de 2020<\/p>\n\n\n\n<p class=\" eplus-wrapper\">Teoria pol\u00edtica e nacionalismo perif\u00e9rico na obra de H\u00e9lio Jaguaribe, Alberto Guerreiro Ramos e Celso Furtado: Epistemologia, Hist\u00f3ria e Pol\u00edtica (1953-1964)<\/p>\n\n\n\n<p class=\" eplus-wrapper\">Banca: Christian Edward Cyril Lynch (Orientador), Jos\u00e9 Eduardo Leon Szwako (Presidente), Marcelo Gantus Jasmin, Paulo Henrique Paschoeto Cassimiro e Vera Alves Cep\u00eada.<\/p>\n\n\n\n<p class=\" eplus-wrapper\"><strong>Leandro Carlos Dias Conde&nbsp;<\/strong>\u2013 15 de Dezembro de 2020<\/p>\n\n\n\n<p class=\" eplus-wrapper\">Humilha\u00e7\u00e3o e pol\u00edticas de reconhecimento: Brasil e China em busca de status no sistema internacional<\/p>\n\n\n\n<p class=\" eplus-wrapper\">Banca: Carlos Roberto Sanchez Milani (Orientador), Maria Regina Soares de Lima (Presidente), Enara Echart Mu\u00f1oz, Oliver Stuenkel e Feliciano de S\u00e1 Guimar\u00e3es.<\/p>\n\n\n\n<p class=\" eplus-wrapper\"><strong>Talita S\u00e3o Thiago Tanscheit<\/strong>&nbsp;\u2013 17 de Dezembro de 2020<\/p>\n\n\n\n<p class=\" eplus-wrapper\">A Esquerda e a Democracia na Am\u00e9rica Latina: partidos e participa\u00e7\u00e3o social no Brasil, no Chile e no Uruguai<\/p>\n\n\n\n<p class=\" eplus-wrapper\">Banca: Thamy Pogrebinschi (Orientadora), Fernando Henrique Eduardo Guarnieri (Coorientador), Fabiano Guilherme Mendes Santos (Presidente), Fabr\u00edcio Pereira da Silva e Carlos Ranulfo Felix de Melo.<\/p>\n<\/div>\n\n\n\n<div id=\"ep_tab_wrapper__2e5e32d8-8840-4754-9841-04bb92c68bcb\" class=\"ep_tab_item_wrapper ep_tab_wrapper__2e5e32d8-8840-4754-9841-04bb92c68bcb undefined\">\n<p class=\" eplus-wrapper\"><strong>Tiago Augusto da Silva Ventura<\/strong>&nbsp;\u2013&nbsp;12 de Mar\u00e7o de 2019<\/p>\n\n\n\n<p class=\" eplus-wrapper\">Inova\u00e7\u00f5es Democr\u00e1ticas, Redistribui\u00e7\u00e3o e Qualidade da Democracia. An\u00e1lise da Efetividade dos Colegiados Territoriais de Desenvolvimento Rural no Brasil<\/p>\n\n\n\n<p class=\" eplus-wrapper\">Banca: Thamy Pogrebinschi (Orientadora), Fernando Henrique Eduardo Guarnieri (Presidente), Paulo Mesquita D\u2019\u00c1vila Filho, Cesar Zucco Junior e Silvia Aparecida Zimmermann.<\/p>\n\n\n\n<p class=\" eplus-wrapper\"><strong>Leonardo Martins Barbosa<\/strong>&nbsp;\u2013&nbsp;15 de Mar\u00e7o de 2019<\/p>\n\n\n\n<p class=\" eplus-wrapper\">Conflito Partid\u00e1rio e Ordem Pol\u00edtica: PMDB, PSDB e PT na Nova Rep\u00fablica<\/p>\n\n\n\n<p class=\" eplus-wrapper\">Banca: Cesar Augusto Coelho Guimar\u00e3es (Orientador), Fernando Henrique Eduardo Guarnieri (Presidente), Jo\u00e3o Trajano de Lima Sento-S\u00e9, Ingrid Piera Andersen Sarti e Jorge Gomes de Souza Chaloub.<\/p>\n\n\n\n<p class=\" eplus-wrapper\"><strong>Pedro dos Santos de Borba&nbsp;<\/strong>\u2013 29 de Mar\u00e7o de 2019<\/p>\n\n\n\n<p class=\" eplus-wrapper\">A constru\u00e7\u00e3o da ordem pol\u00edtica como processo de longa dura\u00e7\u00e3o: Estados p\u00f3scoloniais e desenvolvimento desigual na Am\u00e9rica Latina (1770-1945)<\/p>\n\n\n\n<p class=\" eplus-wrapper\">Banca: Breno Marques Bringel (Orientador), Maria Regina Soares de Lima (Presidente), Jos\u00e9 Maur\u00edcio Domingues, Monica Esmeralda Bruckmann Maynetto e Rafael de Bivar Marquese.<\/p>\n\n\n\n<p class=\" eplus-wrapper\"><strong>Anna Carolina Venturini<\/strong>&nbsp;\u2013 26 de Abril de 2019<\/p>\n\n\n\n<p class=\" eplus-wrapper\">A\u00e7\u00e3o Afirmativa na P\u00f3s-Gradua\u00e7\u00e3o: Os Desafios da Expans\u00e3o de Uma Pol\u00edtica de Inclus\u00e3o<\/p>\n\n\n\n<p class=\" eplus-wrapper\">Banca: Jo\u00e3o Feres Jr (Orientador), Carlos Antonio Costa Ribeiro (Presidente), Luiz Augusto de Souza Carneiro de Campos, Ana Cl\u00e1udia Niedhardt Capella, Jennifer Lucy Hochschild.<\/p>\n\n\n\n<p class=\" eplus-wrapper\"><strong>Marcelo Tavares Silva<\/strong>&nbsp;\u2013 26 de Abril de 2019<\/p>\n\n\n\n<p class=\" eplus-wrapper\">Regenera\u00e7\u00e3o, Reconcilia\u00e7\u00e3o e Reabilita\u00e7\u00e3o: as configura\u00e7\u00f5es circunstanciais do pensamento pol\u00edtico de Jos\u00e9 da Silva Lisboa, Visconde de Cairu<\/p>\n\n\n\n<p class=\" eplus-wrapper\">Banca: Christian Edward Cyril Lynch (Orientador), San Romanelli Assump\u00e7\u00e3o (Presidente), Paulo Henrique Paschoeto Cassimiro, Leonardo Seiichi Sasada Sato, Jos\u00e9 Almino de Alencar e Silva Neto e Fernando Daniel Quintana.<\/p>\n\n\n\n<p class=\" eplus-wrapper\"><strong>Nara Oliveira Salles<\/strong>&nbsp;\u2013 26 de Abril de 2019<\/p>\n\n\n\n<p class=\" eplus-wrapper\">Competi\u00e7\u00e3o eleitoral no Brasil: uma perspectiva program\u00e1tica<\/p>\n\n\n\n<p class=\" eplus-wrapper\">Banca: Fernando Henrique Eduardo Guarnieri (Orientador),Argelina Maria Cheibub Figueiredo (Presidente), Fabiano Guilherme Mendes Santos, Fernando de Magalh\u00e3es Papaterra Limongi e Gabriela da Silva Tarouco.<\/p>\n\n\n\n<p class=\" eplus-wrapper\"><strong>Ant\u00f4nio Marcos Dutra da Silva<\/strong>&nbsp;\u2013 13 de Maio de 2019<\/p>\n\n\n\n<p class=\" eplus-wrapper\">Literatura e Pol\u00edtica: os contornos do pensamento e a a\u00e7\u00e3o p\u00fablica de Alfredo d\u2019Escragnolle Taunay, o Visconde de Taunay (1865-1899)<\/p>\n\n\n\n<p class=\" eplus-wrapper\">Banca: Christian Edward Cyril Lynch (Orientador), Cristina Buarque de Hollanda (Presidente), Andr\u00e9 Pereira Botelho, Maria Alice Rezende de Carvalho e Jos\u00e9 Almino de Alencar e Silva Neto.<\/p>\n\n\n\n<p class=\" eplus-wrapper\"><strong>Luiz Carlos Ramiro Junior<\/strong>&nbsp;\u2013 17 de Maio de 2019<\/p>\n\n\n\n<p class=\" eplus-wrapper\">Da Crise \u00e0 Restaura\u00e7\u00e3o. O pensamento pol\u00edtico de Jo\u00e3o Camilo de Oliveira Torres<\/p>\n\n\n\n<p class=\" eplus-wrapper\">Banca: Christian Edward Cyril Lynch (Orientador), Pedro Herm\u00edlio Villas B\u00f4as Castelo Branco (Presidente), Cristina Buarque de Hollanda, Marcelo da Silva Timotheo da Costa, Marcus Paulo Rycembel Boeira.<\/p>\n\n\n\n<p class=\" eplus-wrapper\"><strong>D\u00e9cio Vieira da Rocha&nbsp;<\/strong>\u2013 30 de Maio de 2019<\/p>\n\n\n\n<p class=\" eplus-wrapper\">Forma\u00e7\u00e3o e sucesso de novos partidos pol\u00edticos no Brasil<\/p>\n\n\n\n<p class=\" eplus-wrapper\">Banca: Fernando Henrique Eduardo Guarnieri (Orientador),Argelina Maria Cheibub Figueiredo, Thiago Moreira da Silva, Vitor de Moraes Peixoto,Maria do Socorro Sousa Braga e Silvana Krause.<\/p>\n\n\n\n<p class=\" eplus-wrapper\"><strong>Tiago Prata Lopes Storni<\/strong>&nbsp;\u2013 2 de Agosto de 2019<\/p>\n\n\n\n<p class=\" eplus-wrapper\">Representa\u00e7\u00e3o Racial no Legislativo e Comportamento Eleitoral de Cor e Ra\u00e7a no Brasil<\/p>\n\n\n\n<p class=\" eplus-wrapper\">Banca: Jo\u00e3o Feres J\u00fanior (Orientador), Luiz Augusto de Souza Carneiro de Campos (Presidente), Mathieu Turgeon, Helcimara de Souza Telles e Cloves Luiz Pereira Oliveira.<\/p>\n\n\n\n<p class=\" eplus-wrapper\"><strong>Jo\u00e3o Henrique Catraio Monteiro Aguiar&nbsp;<\/strong>\u2013 30 de Agosto de 2019<\/p>\n\n\n\n<p class=\" eplus-wrapper\">A resili\u00eancia harm\u00f4nica na Pol\u00edtica Externa Independente<\/p>\n\n\n\n<p class=\" eplus-wrapper\">Banca: Leticia de Abreu Pinheiro (Orientadora), Maria Regina Soares de Lima (Presidente), Renato Petrocchi, Marcelo Viana Estev\u00e3o de Moraes e Dawisson Elv\u00e9cio Bel\u00e9m Lopes.<\/p>\n\n\n\n<p class=\" eplus-wrapper\"><strong>Eric Nogueira Andrade<\/strong>&nbsp;\u2013 2 de Setembro de 2019<\/p>\n\n\n\n<p class=\" eplus-wrapper\">Reforma Pol\u00edtica e Sistema Eleitoral no Brasil: uma an\u00e1lise comparativa com a experi\u00eancia alem\u00e3<\/p>\n\n\n\n<p class=\" eplus-wrapper\">Banca: Fabiano Guilherme Mendes Santos (Orientador), Fernando Henrique Eduardo Guarnieri (Presidente), Guilherme Sim\u00f5es Reis, Jos\u00e9 Paulo Martins J\u00fanior e Jens Borchert.<\/p>\n\n\n\n<p class=\" eplus-wrapper\"><strong>Fernanda Cristina Nanci Izidro Gon\u00e7alves<\/strong>&nbsp;\u2013 16 de Dezembro de 2019<\/p>\n\n\n\n<p class=\" eplus-wrapper\">Trajet\u00f3ria institucional e autonomia decis\u00f3ria: um estudo comparado das organiza\u00e7\u00f5es diplom\u00e1ticas e militares e da articula\u00e7\u00e3o entre pol\u00edtica externa e de defesa no Brasil e na Col\u00f4mbia<\/p>\n\n\n\n<p class=\" eplus-wrapper\">Banca: Leticia de Abreu Pinheiro (Orientadora), Maria Regina Soares de Lima (Presidente), Paulo Afonso Monteiro Velasco J\u00fanior, Diogo Monteiro Dario e Fabio S\u00e1nchez Cabarcas.<\/p>\n\n\n\n<p class=\" eplus-wrapper\"><strong>Diego Marques Morlim Pereira<\/strong>&nbsp;\u2013 19 de Dezembro de 2019<\/p>\n\n\n\n<p class=\" eplus-wrapper\">Poder e influ\u00eancia de uma pot\u00eancia m\u00e9dia: o Brasil na Am\u00e9rica do Sul (1980-2015)<\/p>\n\n\n\n<p class=\" eplus-wrapper\">Banca: Maria Regina Soares de Lima (Orientadora), Carlos Roberto Sanchez Milani (Presidente), Leticia de Abreu Pinheiro, Rubens de Siqueira Duarte e Guilherme Moreira Dias.<\/p>\n<\/div>\n\n\n\n<div id=\"ep_tab_wrapper__79f056b2-7f63-4431-b88b-18516c4f909c\" class=\"ep_tab_item_wrapper ep_tab_wrapper__79f056b2-7f63-4431-b88b-18516c4f909c undefined\">\n<p class=\" eplus-wrapper\"><strong>Vanessa Rodrigues de Macedo<\/strong>&nbsp;\u2013 26 de Mar\u00e7o de 2018<\/p>\n\n\n\n<p class=\" eplus-wrapper\">Transpar\u00eancia: uma agenda da sociedade ou de governo? A difus\u00e3o do acesso \u00e0 informa\u00e7\u00e3o no Brasil e no M\u00e9xico<\/p>\n\n\n\n<p class=\" eplus-wrapper\">Banca: Maria Regina Soares de Lima (Orientadora), Leticia de Abreu Pinheiro (Presidente), Maur\u00edcio Santoro Rocha, Ana Amelia Campos Toni e Osmany Porto de Oliveira.<\/p>\n\n\n\n<p class=\" eplus-wrapper\"><strong>Saulo Maia Said<\/strong>&nbsp;\u2013 06 de Abril de 2018<\/p>\n\n\n\n<p class=\" eplus-wrapper\">Consolida\u00e7\u00e3o partid\u00e1ria e crise pol\u00edtica: Brasil (1951-1964)<\/p>\n\n\n\n<p class=\" eplus-wrapper\">Banca: Argelina Maria Cheibub Figueiredo (Orientadora), Fabiano Guilherme Mendes Santos (Presidente), Fernando Henrique Eduardo Guarnieri, Maria Celina Soares D\u2019Ara\u00fajo e Fernando de Magalh\u00e3es Papaterra Limongi.<\/p>\n\n\n\n<p class=\" eplus-wrapper\"><strong>Leonardo Seiichi Sasada Sato<\/strong>&nbsp;\u2013 09 de Abril de 2018<\/p>\n\n\n\n<p class=\" eplus-wrapper\">Um poder da modera\u00e7\u00e3o? Pol\u00edtica e Hist\u00f3ria no Supremo Tribunal Federal da Primeira Rep\u00fablica<\/p>\n\n\n\n<p class=\" eplus-wrapper\">Banca: Christian Edward Cyril Lynch (Orientador), Fernando de Castro Fontainha (Presidente), Gustavo Silveira Siqueira, Arno Wehling e Andrei Koerner.<\/p>\n\n\n\n<p class=\" eplus-wrapper\"><strong>Walkiria Zambrzycki Dutra<\/strong>&nbsp;\u2013 27 de Abril de 2018<\/p>\n\n\n\n<p class=\" eplus-wrapper\">A vez do governo estadual nas estrat\u00e9gias de coordena\u00e7\u00e3o em pol\u00edticas p\u00fablicas: O caso de Minas Gerais nas \u00e1reas de Habita\u00e7\u00e3o de Interesse Social e Seguran\u00e7a P\u00fablica<\/p>\n\n\n\n<p class=\" eplus-wrapper\">Banca: Ricardo Ceneviva (Orientador), Fernando Henrique Eduardo Guarnieri (Co-Orientador), Argelina Maria Cheibub Figueiredo (Presidente), Fabiano Guilherme Mendes Santos, Paulo Ricardo Diniz Filho e Carlos Alberto de Vasconcelos Rocha.<\/p>\n\n\n\n<p class=\" eplus-wrapper\"><strong>Isabel Cristina Veloso de Oliveira<\/strong>&nbsp;\u2013 07 de Maio de 2018<\/p>\n\n\n\n<p class=\" eplus-wrapper\">Dos p\u00falpitos aos palanques: a trajet\u00f3ria dos evang\u00e9licos na pol\u00edtica institucional brasileira<\/p>\n\n\n\n<p class=\" eplus-wrapper\">Banca: Fernando Henrique Eduardo Guarnieri (Orientador), Fabiano Guilherme Mendes Santos (Presidente), Cec\u00edlia Loreto Mariz, Vin\u00edcius Werneck Barbosa Diniz e Ricardo Mariano.<\/p>\n\n\n\n<p class=\" eplus-wrapper\"><strong>Acir dos Santos Almeida<\/strong>&nbsp;\u2013 11 de Maio de 2018<\/p>\n\n\n\n<p class=\" eplus-wrapper\">Governo presidencial condicionado: delega\u00e7\u00e3o e participa\u00e7\u00e3o legislativa na C\u00e2mara dos Deputados<\/p>\n\n\n\n<p class=\" eplus-wrapper\">Banca: Fabiano Guilherme Mendes Santos (Orientador), Argelina Maria Cheibub Figueiredo (Presidente), Fernando Henrique Eduardo Guarnieri, Fernando de Magalh\u00e3es Papaterra Limongi e Timothy J. Power.<\/p>\n\n\n\n<p class=\" eplus-wrapper\"><strong>Fl\u00e1via Bozza Martins<\/strong>&nbsp;\u2013 18 de Junho de 2018<\/p>\n\n\n\n<p class=\" eplus-wrapper\">Voto Econ\u00f4mico na Am\u00e9rica Latina: avalia\u00e7\u00e3o de pol\u00edticas p\u00fablicas e clareza de responsabilidade<\/p>\n\n\n\n<p class=\" eplus-wrapper\">Banca: Argelina Maria Cheibub Figueiredo (Orientadora), Luciana Fernandes Veiga (Co-Orientadora), Fernando Henrique Eduardo Guarnieri (Presidente), Celina Maria de Souza e Steven Dutt-Ross.<\/p>\n\n\n\n<p class=\" eplus-wrapper\"><strong>Enzo Mayer Tessarolo<\/strong>&nbsp;\u2013 24 de Agosto de 2018<\/p>\n\n\n\n<p class=\" eplus-wrapper\">Capacidades estatais para enfrentar a pobreza: uma an\u00e1lise da implementa\u00e7\u00e3o estadual de programas de transfer\u00eancia de renda condicionada<\/p>\n\n\n\n<p class=\" eplus-wrapper\">Banca: Celina Maria de Souza (Orientadora), Maria Regina Soares de Lima (Presidente), Fabiano Guilherme Mendes Santos, Cristiane Corr\u00eaa Batista Santos e Flavio Alfredo Gait\u00e1n.<\/p>\n\n\n\n<p class=\" eplus-wrapper\"><strong>Bernardino Essau Bil\u00e9rio<\/strong>&nbsp;\u2013 29 de Outubro de 2018<\/p>\n\n\n\n<p class=\" eplus-wrapper\">Din\u00e2mica da accountability no contexto da governa\u00e7\u00e3o local em Mo\u00e7ambique entre 1998-2016: Um estudo dos munic\u00edpios da Matola e Beira<\/p>\n\n\n\n<p class=\" eplus-wrapper\">Banca: Fabiano Guilherme Mendes Santos (Orientador), Argelina Maria Cheibub Figueiredo (Presidente), Fernando Henrique Eduardo Guarnieri, Marcia Ribeiro Dias e Jos\u00e9 Jaime Macuane.<\/p>\n\n\n\n<p class=\" eplus-wrapper\"><strong>Adriana Mesquita Corr\u00eaa Bueno<\/strong>&nbsp;\u2013 28 de Novembro de 2018<\/p>\n\n\n\n<p class=\" eplus-wrapper\">A intersec\u00e7\u00e3o das agendas de pol\u00edtica externa comercial e de coopera\u00e7\u00e3o sul-sul para o desenvolvimento: a (n\u00e3o) estrat\u00e9gia brasileira para o setor algodoeiro dos pa\u00edses do C4 e do Togo<\/p>\n\n\n\n<p class=\" eplus-wrapper\">Banca: Maria Regina Soares de Lima (Presidente), Carlos Roberto Sanchez Milani (Orientador), Leticia de Abreu Pinheiro, Andr\u00e9 de Mello e Souza e Janina Onuki.<\/p>\n\n\n\n<p class=\" eplus-wrapper\"><strong>Juliana Ramos Luiz<\/strong>&nbsp;\u2013 17 de Dezembro de 2018<\/p>\n\n\n\n<p class=\" eplus-wrapper\">As \u201clinhas vermelhas\u201d para o desenvolvimento rural: a internacionaliza\u00e7\u00e3o da agenda da agricultura familiar e seus impactos na governan\u00e7a global<\/p>\n\n\n\n<p class=\" eplus-wrapper\">Banca: Miriam Gomes Saraiva (Presidente), Carlos Roberto Sanchez Milani (Orientador), Paulo Afonso Monteiro Velasco J\u00fanior, Leonilde Servolo de Medeiros e L\u00eddia Vilela Cabral.<\/p>\n<\/div>\n\n\n\n<div id=\"ep_tab_wrapper__524008d4-7ef8-470d-a17d-38be52ef4ec6\" class=\"ep_tab_item_wrapper ep_tab_wrapper__524008d4-7ef8-470d-a17d-38be52ef4ec6 undefined\">\n<p class=\" eplus-wrapper\"><strong>Emiliano Rodrigues Brunet Depolli Paes<\/strong>&nbsp;\u2013 27 de Janeiro de 2017<\/p>\n\n\n\n<p class=\" eplus-wrapper\">Reforma do Estado no Governo Fernando Henrique Cardoso (1995-2002): Hegemonia, Direito e Tematiza\u00e7\u00e3o do Moderno e do Atraso em uma \u00c9poca de Mudan\u00e7as<\/p>\n\n\n\n<p class=\" eplus-wrapper\">Banca: Prof. Dr. Cesar Augusto Coelho Guimar\u00e3es (Orientador); Prof. Dr. Fernando de Castro Fontainha; Prof. Dr. Jo\u00e3o Trajano de Lima Sento S\u00e9; Prof. Dr. Luiz Jorge Werneck Vianna; Prof. Dr. Marcelo Tadeu Baumann Burgos.<\/p>\n\n\n\n<p class=\" eplus-wrapper\"><strong>Vin\u00edcius Werneck Barbosa Diniz<\/strong>&nbsp;\u2013 27 de Mar\u00e7o de 2017<\/p>\n\n\n\n<p class=\" eplus-wrapper\">Valores pessoais na pol\u00edtica brasileira: diferen\u00e7as partid\u00e1rias e comportamento pol\u00edtico nas c\u00e2maras municipais de Minas Gerais<\/p>\n\n\n\n<p class=\" eplus-wrapper\">Banca: Elizabeth Ann Stein (Orientadora); Fabiano Guilherme Mendes Santos; Ricardo Ceneviva; Paulo Roberto Figueira Leal; Claudio Vaz Torres.<\/p>\n\n\n\n<p class=\" eplus-wrapper\"><strong>T\u00e1ssia Rabelo de Pinho<\/strong>&nbsp;\u2013 28 de Abril de 2017<\/p>\n\n\n\n<p class=\" eplus-wrapper\">Democracia como artigo de exporta\u00e7\u00e3o? Limites e possibilidades da democracia intrapartid\u00e1ria no Partido dos Trabalhadores<\/p>\n\n\n\n<p class=\" eplus-wrapper\">Banca: Fabiano Guilherme Mendes Santos (Orientador); Cesar Augusto Coelho Guimar\u00e3es; Fernando Henrique Eduardo Guarnieri; Jairo Cesar Marconi Nicolau; Pedro Jos\u00e9 Floriano Ribeiro.<\/p>\n\n\n\n<p class=\" eplus-wrapper\"><strong>Chiara Araujo Gomes<\/strong>&nbsp;\u2013 5 de Maio de 2017<\/p>\n\n\n\n<p class=\" eplus-wrapper\">A Cultura Pol\u00edtica e a constru\u00e7\u00e3o do conceito de igualdade no Estado Novo<\/p>\n\n\n\n<p class=\" eplus-wrapper\">Banca: Marcelo Gantus Jasmin (Orientador); Prof. Dr. Christian Edward Cyril Lynch; Prof.\u00aa Dr.\u00aa Cristina Buarque de Hollanda; Prof. Dr. Jorge Gomes de Souza Chaloub; Prof. Dr. Wendel Antunes Cintra.<\/p>\n\n\n\n<p class=\" eplus-wrapper\"><strong>Elizeu Santiago Tavares de Sousa<\/strong>&nbsp;\u2013 19 de Maio de 2017<\/p>\n\n\n\n<p class=\" eplus-wrapper\">Pensamento Pol\u00edtico e Pol\u00edtica Externa no Brasil Imperial: Tend\u00eancias do Pensamento Internacional Brasileiro<\/p>\n\n\n\n<p class=\" eplus-wrapper\">Banca: Prof.\u00aa Dr.\u00aa Let\u00edcia de Abreu Pinheiro (Orientadora); Prof. Dr. Christian Edward Cyril Lynch; Prof.\u00aa Dr.\u00aa L\u00facia Maria Bastos Pereira das Neves; Prof. Dr. Jos\u00e9 Almino de Alencar e Silva Neto; Prof. Dr. Ant\u00f4nio Carlos Moraes Lessa.<\/p>\n\n\n\n<p class=\" eplus-wrapper\"><strong>Pedro Rolo Benetti<\/strong>&nbsp;\u2013 09 de Junho<\/p>\n\n\n\n<p class=\" eplus-wrapper\">\u201cEm defesa da ordem\u201d: debates parlamentares sobre a viol\u00eancia na Nova Rep\u00fablica<\/p>\n\n\n\n<p class=\" eplus-wrapper\">Banca: Marcelo Gantus Jasmin (Orientador); Cristina Buarque de Hollanda; Jo\u00e3o Trajano de Lima Sento-S\u00e9; Joana Domingues Vargas; Jorge Gomes de Souza Chaloub.<\/p>\n\n\n\n<p class=\" eplus-wrapper\"><strong>Debora Gershon<\/strong>&nbsp;\u2013 30 de Junho de 2017<\/p>\n\n\n\n<p class=\" eplus-wrapper\">Autonomia Legislativa: o caso da ALERJ<\/p>\n\n\n\n<p class=\" eplus-wrapper\">Banca: Fabiano Guilherme Mendes Santos (Orientador); Prof.\u00aa Dr.\u00aa Argelina Maria Cheibub Figueiredo; Prof. Dr. Fernando Henrique Eduardo Guarnieri; Prof. Dr. Fernando Luiz Abrucio; Prof. Dr. Luis Felipe Guedes da Gra\u00e7a.<\/p>\n\n\n\n<p class=\" eplus-wrapper\"><strong>Antonio Armando Ulian do Lago Albuquerque<\/strong>&nbsp;\u2013 3 de Julho de 2017<\/p>\n\n\n\n<p class=\" eplus-wrapper\">Compara\u00e7\u00e3o entre a participa\u00e7\u00e3o ind\u00edgena boliviana e brasileira: a inser\u00e7\u00e3o da atua\u00e7\u00e3o ind\u00edgena brasileira no debate democr\u00e1tico e descolonial latino-americano<\/p>\n\n\n\n<p class=\" eplus-wrapper\">Banca: Thamy Pogrebinschi (Orientadora); Prof. Dr. Fabr\u00edcio Pereira da Silva (Co-Orientador); Prof. Dr. Fabiano Guilherme Mendes Santos; Prof. Dr. Breno Marques Bringel; Prof. Dr. Alvaro Reinaldo de Souza.<\/p>\n\n\n\n<p class=\" eplus-wrapper\"><strong>Pedro Vieira Abramovay<\/strong>&nbsp;\u2013 31 de Julho de 2017<\/p>\n\n\n\n<p class=\" eplus-wrapper\">Sistemas Deliberativos e Processo Decis\u00f3rio Congressual: Um estudo sobre a aprova\u00e7\u00e3o do Marco Civil da Internet<\/p>\n\n\n\n<p class=\" eplus-wrapper\">Banca: Fabiano Guilherme Mendes Santos (Orientador); Fernando Henrique Eduardo Guarnieri; Prof. Dr. Ronaldo Lemos; Prof. Dr. Ricardo Fabrino Mendon\u00e7a; Prof.\u00aa Dr.\u00aa Thamy Pogrebinschi.<\/p>\n\n\n\n<p class=\" eplus-wrapper\"><strong>D\u00e9bora Castanheira Pires<\/strong>&nbsp;\u2013 4 de Setembro de 2017<\/p>\n\n\n\n<p class=\" eplus-wrapper\">O p\u00fablico e o privado na sa\u00fade do Estado do Rio de Janeiro: o caso da transi\u00e7\u00e3o do modelo da gest\u00e3o de servi\u00e7os de sa\u00fade<\/p>\n\n\n\n<p class=\" eplus-wrapper\">Banca: Cesar Augusto Coelho Guimar\u00e3es (Orientador), Silvia Gerschman de Leis (Co-Orientadora), Argelina Maria Cheibub Figueiredo, Fabiano Guilherme Mendes Santos, Maria L\u00facia Teixeira Werneck Vianna e Luciana Dias de Lima.<\/p>\n\n\n\n<p class=\" eplus-wrapper\"><strong>Jos\u00e9 Victor Regadas Luiz<\/strong>&nbsp;\u2013 22 de Dezembro de 2017<\/p>\n\n\n\n<p class=\" eplus-wrapper\">Crise da ci\u00eancia pol\u00edtica behavioralista e as origens dos think tanks nos Estados Unidos<\/p>\n\n\n\n<p class=\" eplus-wrapper\">Banca: Jo\u00e3o Feres J\u00fanior (Orientador), Christian Edward Cyril Lynch, Pedro Herm\u00edlio Villas B\u00f4as Castelo Branco, Gabriel Romero Lyra Trigueiro e Fernando Perlatto Bom Jardim.<\/p>\n<\/div>\n\n\n\n<div id=\"ep_tab_wrapper__37e743d4-a48c-473d-a933-3a15197881a2\" class=\"ep_tab_item_wrapper ep_tab_wrapper__37e743d4-a48c-473d-a933-3a15197881a2 undefined\">\n<p class=\" eplus-wrapper\"><strong>Alexandre Bacelar Marques<\/strong>&nbsp;\u2013 29 de abril de 2016<\/p>\n\n\n\n<p class=\" eplus-wrapper\">Carl Schmitt e seus leitores: o significado teol\u00f3gico de uma confus\u00e3o<\/p>\n\n\n\n<p class=\" eplus-wrapper\">Banca: Pedro Villas B\u00f4as Castelo Branco (Orientador); Cesar Augusto Coelho Guimar\u00e3es; Bernardo Medeiros Ferreira da Silva; Rog\u00e9rio Dultra dos Santos; Marcelo da Silva Timotheo da Costa<\/p>\n\n\n\n<p class=\" eplus-wrapper\"><strong>Alexandre Alves Pinto<\/strong>&nbsp;\u2013 08 dezembro de 2016<\/p>\n\n\n\n<p class=\" eplus-wrapper\">\u201cPol\u00edtica or\u00e7ament\u00e1ria no Estado do Rio de Janeiro: governos Rosinha e Cabral (2003-2010)\u201d<\/p>\n\n\n\n<p class=\" eplus-wrapper\">Banca: Fabiano Guilherme Mendes Santos (Presidente), Argelina Maria Cheibub Figueiredo (Orientadora), Fernando Henrique Eduardo Guarnieri, Celina Maria de Souza e Lu\u00eds Felipe Guedes da Gra\u00e7a.<\/p>\n\n\n\n<p class=\" eplus-wrapper\"><strong>Ana Amelia Campos Toni<\/strong>&nbsp;\u2013 15 de Junho de 2016<\/p>\n\n\n\n<p class=\" eplus-wrapper\">Tens\u00f5es e Din\u00e2micas Norte-Sul da Sociedade Civil Global: ActionAid Internacional, Anistia Internacional e Greenpeace Internacional<\/p>\n\n\n\n<p class=\" eplus-wrapper\">Banca: Maria Regina Soares de Lima (Orientadora); Carlos Roberto Sanchez Milani; Let\u00edcia de Abreu Pinheiro; Jorge Oswaldo Romano; Gerardo Enrique Cerdas Veja<\/p>\n\n\n\n<p class=\" eplus-wrapper\"><strong>Ana Claudia Jaquetto Pereira&nbsp;<\/strong>\u2013 18 de Mar\u00e7o de 2016<\/p>\n\n\n\n<p class=\" eplus-wrapper\"><a href=\"http:\/\/iesp.uerj.br\/wp-content\/uploads\/2017\/06\/Tese_Ana-Claudia-Jaquetto-Pereira.pdf\">\u201cPensamento social e pol\u00edtico do movimento de mulheres negras: o lugar de ialod\u00eas, orix\u00e1s e empregadas dom\u00e9sticas em projetos de justi\u00e7a social\u201d<\/a><\/p>\n\n\n\n<p class=\" eplus-wrapper\">Banca: Jo\u00e3o Feres J\u00fanior (Orientador); Breno Marques Bringel; Luiz Augusto de Souza Carneiro de Campos; Jurema Pinto Werneck; Cl\u00e1udia Pons Cardoso<\/p>\n\n\n\n<p class=\" eplus-wrapper\"><strong>Bruno Gon\u00e7alves Rosi<\/strong>&nbsp;\u2013 15 de Julho de 2016<\/p>\n\n\n\n<p class=\" eplus-wrapper\"><a href=\"http:\/\/iesp.uerj.br\/wp-content\/uploads\/2017\/06\/Tese_Bruno-Gon%C3%A7alves-Rosi.pdf\">\u201cSaquaremas, Luzias, o Brasil e os Estados Unidos\u201d<\/a><\/p>\n\n\n\n<p class=\" eplus-wrapper\">Banca: Let\u00edcia de Abreu Pinheiro (Orientadora); Maria Regina Soares de Lima; Christian Edward Cyril Lynch; Jos\u00e9 Almino de Alencar e Silva Neto; L\u00edlian Cristina Burlamaqui Duarte<\/p>\n\n\n\n<p class=\" eplus-wrapper\"><strong>Carlos Eduardo Santos Pinho<\/strong>&nbsp;\u2013 06 de Maio de 2016<\/p>\n\n\n\n<p class=\" eplus-wrapper\">\u201cPlanejamento Governamental no Brasil: Trajet\u00f3ria Institucional, Autoritarismo e Democracia em Perspectiva Comparada (1930-2016)\u201d<\/p>\n\n\n\n<p class=\" eplus-wrapper\">Banca: Renato Raul Boschi (Orientador); Maria Regina Soares de Lima; Cesar Augusto Coelho Guimar\u00e3es; Vera Alves Cep\u00eada; s\u00e9 Celso Pereira Cardoso J\u00fanior<\/p>\n\n\n\n<p class=\" eplus-wrapper\"><strong>C\u00edntia Pinheiro Ribeiro de Souza<\/strong>&nbsp;\u2013 18 de Fevereiro de 2016<\/p>\n\n\n\n<p class=\" eplus-wrapper\">\u201cCandidatos Diferentes, Campanhas Iguais? Um Estudo sobre Estrat\u00e9gias de Gastos de Campanha de Candidatos a Deputado Federal no Estado de S\u00e3o Paulo em 2010\u201d<\/p>\n\n\n\n<p class=\" eplus-wrapper\">Banca: Jairo Cesar Marconi Nicolau (orientador); Argelina Maria Cheibub Figueiredo; Ricardo Ceneviva ; Afonso de Albuquerque; Vitor de Moraes Peixoto.<\/p>\n\n\n\n<p class=\" eplus-wrapper\"><strong>Danielle Costa da Silva<\/strong>&nbsp;\u2013 18 de Abril de 2016<br><a href=\"http:\/\/iesp.uerj.br\/wp-content\/uploads\/2017\/06\/Tese_Danielle-Costa-da-Silva.pdf\">\u201cA atua\u00e7\u00e3o das organiza\u00e7\u00f5es n\u00e3o governamentais na agenda de direitos humanos da pol\u00edtica externa brasileira\u201d<\/a><\/p>\n\n\n\n<p class=\" eplus-wrapper\">Banca: Carlos Roberto Sanchez Milani (orientador); Maria Regina Soares de Lima; Maur\u00edcio Santoro Rocha; Vanessa Oliveira Batista Berner; Enara Echart Mu\u00f1oz<\/p>\n\n\n\n<p class=\" eplus-wrapper\"><strong>Fernando Antonio de Queiroz Randau<\/strong>&nbsp;\u2013 15 de Abril de 2016<\/p>\n\n\n\n<p class=\" eplus-wrapper\">\u201cO sabre: hist\u00f3ria e ditadura na obra de Juan Donoso Cort\u00e9s\u201d<\/p>\n\n\n\n<p class=\" eplus-wrapper\">Banca: Marcelo Gantus Jasmin (Orientador); Christian Edward Cyril Lynch; Pedro Villas B\u00f4as Castelo Branco; Jos\u00e9 Almino de Alencar e Silva Neto; Marcelo da Silva Timotheo da Costa<\/p>\n\n\n\n<p class=\" eplus-wrapper\"><strong>Francisco Josu\u00e9 Medeiros de Freitas<\/strong>&nbsp;\u2013 29 de Julho de 2016<\/p>\n\n\n\n<p class=\" eplus-wrapper\">Para al\u00e9m do lulismo: O fazer-se do petismo na pol\u00edtica brasileira (1980-2016)<\/p>\n\n\n\n<p class=\" eplus-wrapper\">Banca: Cesar Augusto Coelho Guimar\u00e3es (Orientador); ano Guilherme Mendes Santos; Breno Marques Bringel ; Darlan Ferreira Montenegro ; Juarez Rocha Guimar\u00e3es<\/p>\n\n\n\n<p class=\" eplus-wrapper\"><strong>Henrique Sartori de Almeida Prado<\/strong>&nbsp;\u2013 03 de Outubro de 2016<\/p>\n\n\n\n<p class=\" eplus-wrapper\">A coopera\u00e7\u00e3o descentralizada e a pol\u00edtica para a fronteira no Brasil: o caso das cidades-g\u00eameas de Ponta Por\u00e3 e Pedro Juan Caballero<\/p>\n\n\n\n<p class=\" eplus-wrapper\">Banca: Carlos Roberto Sanchez Milani (Orientador); Maria Regina Soares de Lima; Lia Os\u00f3rio Machado; Raphael Carvalho de Vasconcelos; Enara Echart Mu\u00f1oz<\/p>\n\n\n\n<p class=\" eplus-wrapper\"><strong>Jeferson Mariano Silva<\/strong>&nbsp;\u2013 29 de Abril de 2016<\/p>\n\n\n\n<p class=\" eplus-wrapper\">Jurisdi\u00e7\u00e3o constitucional em Espanha (1981-1992) e Brasil (1988-1997)<\/p>\n\n\n\n<p class=\" eplus-wrapper\">Banca: Renato Raul Boschi (Orientador); Fabiano Guilherme Mendes Santos; Fernando de Castro Fontainha; Charles Freitas Pessanha; Rog\u00e9rio Bastos Arantes<\/p>\n\n\n\n<p class=\" eplus-wrapper\"><strong>J\u00falio Canello<\/strong>&nbsp;\u2013 18 de abril de 2016<\/p>\n\n\n\n<p class=\" eplus-wrapper\">Judicializando a Federa\u00e7\u00e3o? O Supremo Tribunal Federal e os atos normativos estaduais<\/p>\n\n\n\n<p class=\" eplus-wrapper\">Banca: Fabiano Guilherme Mendes Santos (Orientador); Argelina Maria Cheibub Figueiredo; Ricardo Ceneviva; Celina Maria de Souza; Rog\u00e9rio Bastos Arantes<\/p>\n\n\n\n<p class=\" eplus-wrapper\"><strong>Lara Mesquita Ramos<\/strong>&nbsp;\u2013 8 de abril de 2016<\/p>\n\n\n\n<p class=\" eplus-wrapper\">Coordena\u00e7\u00e3o Eleitoral: o papel dos Partidos Pol\u00edticos<\/p>\n\n\n\n<p class=\" eplus-wrapper\">Banca: Argelina Maria Figueiredo (Orientadora); Fabiano Guilherme Mendes Santos; Fernando Henrique Eduardo Guarnieri; Fernando de Magalh\u00e3es Limongi; Jos\u00e9 Antonio Cheibub<\/p>\n\n\n\n<p class=\" eplus-wrapper\"><strong>Lilian Paula da Costa Oliveira<\/strong>&nbsp;\u2013 30 de abril de 2016<\/p>\n\n\n\n<p class=\" eplus-wrapper\">A Trajet\u00f3ria da Ci\u00eancia Pol\u00edtica Brasileira: Uma An\u00e1lise da Produ\u00e7\u00e3o e da Forma\u00e7\u00e3o Acad\u00eamica (1966-2014)<\/p>\n\n\n\n<p class=\" eplus-wrapper\">Banca: Argelina Cheibub Figueiredo (Orientadora); Maria Regina Soares de Lima; Ricardo Ceneviva; Celina Maria de Souza; Jairo Cesar Marconi Nicolau<\/p>\n\n\n\n<p class=\" eplus-wrapper\"><strong>Lorena Granja H\u00e9rnandez<\/strong>&nbsp;\u2013 20 de maio de 2016<\/p>\n\n\n\n<p class=\" eplus-wrapper\"><a href=\"http:\/\/iesp.uerj.br\/wp-content\/uploads\/2018\/05\/Tese-Doutorado-Lorena-Granja-atualizada.pdf\">\u201cEl Mercosur y sus asimetr\u00edas: un an\u00e1lisis emp\u00edrico de la bilateralizaci\u00f3n\u201d<\/a><\/p>\n\n\n\n<p class=\" eplus-wrapper\">Banca: Maria Regina Soares de Lima (Orientadora); Carlos Roberto Sanchez Milani; Miriam Gomes Saraiva; Ingrid Piera Andersen Sarti; Andrea Ribeiro Hoffman<\/p>\n\n\n\n<p class=\" eplus-wrapper\"><strong>Magno Klein Silva<\/strong>&nbsp;\u2013 01 de agosto de 2016<\/p>\n\n\n\n<p class=\" eplus-wrapper\">O discurso da responsabilidade internacional da pol\u00edtica externa brasileira durante os governos FHC e Lula<\/p>\n\n\n\n<p class=\" eplus-wrapper\">Banca: Maria Regina Soares de Lima (Orientadora); Carlos Roberto Sanchez Milani; Maur\u00edcio Santoro Rocha ; Ariane Cristine Roder Figueira ; Gabriel Passetti<\/p>\n\n\n\n<p class=\" eplus-wrapper\"><strong>Nat\u00e1lia Pacheco Junior<\/strong>&nbsp;\u2013 09 de maio de 2016<\/p>\n\n\n\n<p class=\" eplus-wrapper\">REPRESENTA\u00c7\u00c3O, PARTICIPA\u00c7\u00c3O E PRESEN\u00c7A: As Confer\u00eancias de Pol\u00edticas para Mulheres e sua Efetividade<\/p>\n\n\n\n<p class=\" eplus-wrapper\">Banca: Thamy Pogrebinschi (Orientadora); Fabiano Guilherme Mendes Santos; Luiz Augusto de Souza Carneiro de Campos; Marcia Nina Bernardes; Cristiana Losekann<\/p>\n\n\n\n<p class=\" eplus-wrapper\"><strong>Paulo Henrique Paschoeto Cassimiro<\/strong>&nbsp;\u2013 18 de mar\u00e7o de 2016<\/p>\n\n\n\n<p class=\" eplus-wrapper\"><a href=\"http:\/\/iesp.uerj.br\/wp-content\/uploads\/2017\/06\/Tese_Paulo-Henrique-Paschoeto-Cassimiro.pdf\">\u201cO Abismo do Tempo: Hist\u00f3ria, liberalismo e democracia no pensamento pol\u00edtico franc\u00eas (1789-1848)\u201d<\/a><\/p>\n\n\n\n<p class=\" eplus-wrapper\">Banca: Marcelo Gantus Jasmin (orientador); Cesar Augusto Coelho Guimar\u00e3es; Christian Edward Cyril Lynch; Jos\u00e9 Almino de Alencar e Silva Neto; C\u00edcero Rom\u00e3o Resende de Ara\u00fajo<\/p>\n\n\n\n<p class=\" eplus-wrapper\"><strong>Tatiana dos Santos Oliveira<\/strong>&nbsp;\u2013 24 de junho de 2016<\/p>\n\n\n\n<p class=\" eplus-wrapper\">Alegorias do desenvolviment(ism)o: o futuro passado de um conceito do progresso e sua recep\u00e7\u00e3o no Brasil (1945-1961)<\/p>\n\n\n\n<p class=\" eplus-wrapper\">Banca: Cesar Augusto Coelho Guimar\u00e3es (Orientador); Marcelo Gantus Jasmin (Co-Orientador); Cristina Buarque de Hollanda; Jo\u00e3o Trajano de Lima Sento-S\u00e9; Norma C\u00f4rtes Gouveia de Melo; Gilberto Hochman<\/p>\n<\/div>\n\n\n\n<div id=\"ep_tab_wrapper__648a2ec0-c3fe-4296-9615-295ecb36c4cb\" class=\"ep_tab_item_wrapper ep_tab_wrapper__648a2ec0-c3fe-4296-9615-295ecb36c4cb undefined\">\n<p class=\" eplus-wrapper\"><strong>Lu\u00eds Alves Falc\u00e3o<\/strong>, 27 de Fevereiro de 2015<\/p>\n\n\n\n<p class=\" eplus-wrapper\"><a href=\"http:\/\/iesp.uerj.br\/wp-content\/uploads\/2017\/06\/Tese_Lu%C3%ADs-Alves-Falc%C3%A3o.pdf\">\u201cA Recep\u00e7\u00e3o de Maquiavel nos Republicanismos de James Harrington e de Algernon Sidney\u201d<\/a><\/p>\n\n\n\n<p class=\" eplus-wrapper\">Banca: Marcelo Gantus Jasmin (orientador); Cesar Augusto Coelho Guimar\u00e3es; Bernardo Medeiros Ferreira da Silva; Eunice Ostrensky; Helo\u00edsa Maria Murgel Starling<\/p>\n\n\n\n<p class=\" eplus-wrapper\"><strong>Diogo Tourino de Sousa,<\/strong>&nbsp;06 de Mar\u00e7o de 2015<\/p>\n\n\n\n<p class=\" eplus-wrapper\">De um ponto de vista mais geral: a rep\u00fablica como ideal normativo<\/p>\n\n\n\n<p class=\" eplus-wrapper\">Banca: Renato de Andrade Lessa (orientador); Fr\u00e9d\u00e9ric Raul Nadine Marie Vandenberghe; Pedro Herm\u00edlio Villas Boas Castelo Branco; Luiz Jorge Werneck Vianna; Marcelo Gantus Jasmin<\/p>\n\n\n\n<p class=\" eplus-wrapper\"><strong>Bernardo Bianchi Barata Ribeiro<\/strong>, 17 de Abril de 2015<\/p>\n\n\n\n<p class=\" eplus-wrapper\"><a href=\"http:\/\/iesp.uerj.br\/wp-content\/uploads\/2017\/06\/Tese_Bernardo-Bianchi-Barata-Ribeiro.pdf\">\u201cO fio vermelho da transforma\u00e7\u00e3o: entre Marx e Spinoza\u201d<\/a><\/p>\n\n\n\n<p class=\" eplus-wrapper\">Banca: Renato de Andrade Lessa (orientador); Cesar Augusto Coelho Guimar\u00e3es; Bernardo Medeiros Ferreira da Silva; Chantal Jaquet; Laurent Bove; Christian Bonnet<\/p>\n\n\n\n<p class=\" eplus-wrapper\"><strong>Jorge Gomes de Souza Chaloub<\/strong>, 14 de Agosto de 2015<\/p>\n\n\n\n<p class=\" eplus-wrapper\"><a href=\"http:\/\/iesp.uerj.br\/wp-content\/uploads\/2017\/06\/Tese_Jorge-Gomes-de-Souza-Chaloub.pdf\">\u201cO liberalismo entre o esp\u00edrito e a espada: a UDN e a Rep\u00fablica de 1946\u201d<\/a><\/p>\n\n\n\n<p class=\" eplus-wrapper\">Banca: Marcelo Gantus Jasmin (orientador); Cesar Augusto Coelho Guimar\u00e3es ; Christian Edward Cyril Lynch; Jo\u00e3o Trajano de Lima Sento-S\u00e9; Luiz Jorge Werneck Vianna<\/p>\n\n\n\n<p class=\" eplus-wrapper\"><strong>Rafael Assump\u00e7\u00e3o de Abreu<\/strong>, 24 de Agosto de 2015<\/p>\n\n\n\n<p class=\" eplus-wrapper\"><a href=\"http:\/\/iesp.uerj.br\/wp-content\/uploads\/2017\/06\/Tese_Rafael-Assump%C3%A7%C3%A3o-de-Abreu.pdf\">\u201cA boa sociedade: hist\u00f3ria e interpreta\u00e7\u00e3o sobre o processo de coloniza\u00e7\u00e3o no norte de Mato Grosso durante a Ditadura Militar\u201d<\/a><\/p>\n\n\n\n<p class=\" eplus-wrapper\">Banca: Luiz Jorge Werneck Vianna (orientador); Cesar Augusto Coelho Guimar\u00e3es; Jos\u00e9 Eisenberg; Robert Wegner; Jo\u00e3o Marcelo Ehlert Maia<\/p>\n\n\n\n<p class=\" eplus-wrapper\"><strong>Julia Stadler<\/strong>, 28 de Agosto de 2015<\/p>\n\n\n\n<p class=\" eplus-wrapper\">The institutionalised Voter. From suffrage to mandatory electoral participation. Insights from Brazil and Germany<\/p>\n\n\n\n<p class=\" eplus-wrapper\">Banca: Jairo Cesar Marconi Nicolau (orientador); Argelina Maria Cheibub Figueiredo; Renato Raul Boschi; Wolfgang Fritz Bock; Ant\u00f4nio Carlos Alkmim dos Reis<\/p>\n\n\n\n<p class=\" eplus-wrapper\"><strong>Regina Kfuri Barbosa<\/strong>, 31 de Agosto de 2015<\/p>\n\n\n\n<p class=\" eplus-wrapper\"><a href=\"http:\/\/iesp.uerj.br\/wp-content\/uploads\/2017\/06\/Tese_Regina-Kfuri-Barbosa.pdf\">\u201cO Mercosul e o regionalismo multifacetado na Am\u00e9rica do Sul\u201d<\/a><\/p>\n\n\n\n<p class=\" eplus-wrapper\">Banca: Maria Regina Soares de Lima (orientadora); Leticia de Abreu Pinheiro; Miriam Gomes Saraiva; Ingrid Piera Andersen Sarti; Fabricio Pereira da Silva<\/p>\n\n\n\n<p class=\" eplus-wrapper\"><strong>Francisco Carlos Antonio da Concei\u00e7\u00e3o<\/strong>, 4 de setembro de 2015<\/p>\n\n\n\n<p class=\" eplus-wrapper\"><a href=\"http:\/\/iesp.uerj.br\/wp-content\/uploads\/2017\/06\/Tese_Francisco-da-Concei%C3%A7%C3%A3o.pdf\">\u201cImplica\u00e7\u00f5es Pol\u00edticas da Coopera\u00e7\u00e3o Internacional para o Desenvolvimento de Mo\u00e7ambique: a Solidariedade Socialista, a Trajet\u00f3ria Tradicional do Norte e a Experi\u00eancia Emergente do Sul (1975-2013)\u201d<\/a><\/p>\n\n\n\n<p class=\" eplus-wrapper\">Banca: Carlos Roberto Sanchez Milani (orientador); Maria Regina Soares de Lima; Leticia de Abreu Pinheiro; Ana Elisa Saggioro Garcia Muller; Adriana Erthal Abdenur<\/p>\n\n\n\n<p class=\" eplus-wrapper\"><strong>Carolina Botelho Marinho da Cunha Hecksher<\/strong>, 11 de Setembro de 2015<\/p>\n\n\n\n<p class=\" eplus-wrapper\"><a href=\"http:\/\/iesp.uerj.br\/wp-content\/uploads\/2017\/06\/Tese_Carolina-Botelho-Marinho-da-Cunha-Hecksher.pdf\">\u201cComo viabilizar reformas politicamente improv\u00e1veis? Mudan\u00e7as da previd\u00eancia nos governos FHC e Lula\u201d<\/a><\/p>\n\n\n\n<p class=\" eplus-wrapper\">Banca: Fabiano Guilherme Mendes Santos (orientador); Maria Regina Soares de Lima; Fernando Henrique Eduardo Guarnieri; M\u00e1rcio Grij\u00f3 Vilarouca; Paulo Sergio Braga Tafner<\/p>\n\n\n\n<p class=\" eplus-wrapper\"><strong>Daniela Mesquita de Franco Ribeiro<\/strong>, 18 de Setembro de 2015<\/p>\n\n\n\n<p class=\" eplus-wrapper\">Intera\u00e7\u00f5es estrat\u00e9gicas para o desenvolvimento e vantagens institucionais: o caso do CDES<\/p>\n\n\n\n<p class=\" eplus-wrapper\">Banca: Renato Raul Boschi (orientador); Maria Regina Soares de Lima; Fabiano Guilherme Mendes Santos; Eduardo Rodrigues Gomes; Ign\u00e1cio Jos\u00e9 Godinho Delgado<\/p>\n\n\n\n<p class=\" eplus-wrapper\"><strong>Pedro Luiz da Silva do Rego Lima<\/strong>, 21 de Setembro de 2015<\/p>\n\n\n\n<p class=\" eplus-wrapper\">As desventuras do marxismo: Fernando Henrique Cardoso, antagonismo e reconcilia\u00e7\u00e3o (1955-1968)<\/p>\n\n\n\n<p class=\" eplus-wrapper\">Banca: Christian Edward Cyril Lynch (presidente), Cesar Augusto Coelho Guimar\u00e3es (orientador), Jo\u00e3o Trajano de Lima Sento-S\u00e9, Luiz Jorge Werneck Vianna e Bernardo Ricupero<\/p>\n\n\n\n<p class=\" eplus-wrapper\"><strong>Giliard Gomes Ten\u00f3rio<\/strong>, 13 de Novembro de 2015<\/p>\n\n\n\n<p class=\" eplus-wrapper\">Do tost\u00e3o para o milh\u00e3o: um estudo sobre o financiamento das campanhas presidenciais do PT (1989-2014)<\/p>\n\n\n\n<p class=\" eplus-wrapper\">Banca: Argelina Maria Cheibub Figueiredo (presidente), Jairo Marconi Nicolau (orientador), Fabiano Guilherme Mendes Santos, Luciana Fernandes Veiga e V\u00edtor de Moraes Peixoto<\/p>\n\n\n\n<p class=\" eplus-wrapper\"><strong>Tiago Nery<\/strong>, 16 de Novembro de 2015<\/p>\n\n\n\n<p class=\" eplus-wrapper\"><a href=\"http:\/\/iesp.uerj.br\/wp-content\/uploads\/2017\/06\/Tese_Tiago-Nery.pdf\">\u201cA pol\u00edtica externa brasileira e a Unasul: geopol\u00edtica e expans\u00e3o do capitalismo brasileiro na Am\u00e9rica do Sul\u201d<\/a><\/p>\n\n\n\n<p class=\" eplus-wrapper\">Banca: Maria Regina Soares de Lima (presidente), Cesar Augusto Coelho Guimar\u00e3es (orientador), Carlos Roberto Sanchez Milani, Ingrid Piera Andersen Sarti e Luis Manuel Rebelo Fernandes<\/p>\n\n\n\n<p class=\" eplus-wrapper\"><strong>Andr\u00e9 Luiz de Jesus Rodrigues&nbsp;<\/strong>-04 de Dezembro de 2015<\/p>\n\n\n\n<p class=\" eplus-wrapper\">Palavra Empenhada: Pensamento Pol\u00edtico nos Serm\u00f5es do Padre Antonio Vieira<\/p>\n\n\n\n<p class=\" eplus-wrapper\">Banca: Cristina Buarque de Hollanda (presidente), Renato de Andrade Lessa (orientador), Jos\u00e9 Eisenberg, Danilo Marcondes de Souza Filho e Ricardo Benzaquen de Ara\u00fajo.<\/p>\n\n\n\n<p class=\" eplus-wrapper\"><strong>Tatiana Teixeira da Silva&nbsp;<\/strong>\u2013 04 de Dezembro de 2015<\/p>\n\n\n\n<p class=\" eplus-wrapper\">Os think tanks na Pol\u00edtica Externa Americana para o Brasil<\/p>\n\n\n\n<p class=\" eplus-wrapper\">Banca: Maria Regina Soares de Lima (presidente), Cesar Augusto Coelho Guimar\u00e3es (orientador), Williams da Silva Gon\u00e7alves, Erica Simone de Almeida Resende e V\u00e1gner Camilo Alves<\/p>\n\n\n\n<p class=\" eplus-wrapper\"><strong>Daniela Vairo&nbsp;<\/strong>\u2013 11 de Dezembro de 2015<\/p>\n\n\n\n<p class=\" eplus-wrapper\"><a href=\"http:\/\/iesp.uerj.br\/wp-content\/uploads\/2017\/06\/Tese_Daniela-Vairo.pdf\">\u201cLealtad democratica de la oposici\u00f3n partidaria en Am\u00e9rica Latina (1978-2010): una explicaci\u00f3n institucionalista\u201d<\/a><\/p>\n\n\n\n<p class=\" eplus-wrapper\">Banca: Argelina Maria Cheibub Figueiredo (presidente), Fabiano Guilherme Mendes Santos (orientador), Elizabeth Ann Stein, Jairo Marconi Nicolau e Andr\u00e9 Luiz Coelho Farias de Souza<\/p>\n<\/div>\n\n\n\n<div id=\"ep_tab_wrapper__9811ae27-689d-4ea4-826a-ce4fce3ab9d8\" class=\"ep_tab_item_wrapper ep_tab_wrapper__9811ae27-689d-4ea4-826a-ce4fce3ab9d8 undefined\">\n<p class=\" eplus-wrapper\"><strong>Fidel Irving P\u00e9rez Flores<\/strong>&nbsp;(28\/03\/2014)<\/p>\n\n\n\n<p class=\" eplus-wrapper\"><a href=\"http:\/\/iesp.uerj.br\/wp-content\/uploads\/2017\/06\/Tese_Fidel-Irving-P%C3%A9rez-Flores.pdf\">\u201cBrasil e M\u00e9xico Frente aos Estados Unidos: Crises Bilaterais Assim\u00e9tricas e Coaliz\u00f5es Dom\u00e9sticas de Pol\u00edtica Externa\u201d<\/a><\/p>\n\n\n\n<p class=\" eplus-wrapper\">Banca: Maria Regina Soares de Lima (orientadora), Carlos Roberto Sanchez Milani (presidente), Miriam Gomes Saraiva, Monica Ellen Seabra Hirst e Octavio Amorim Neto.<\/p>\n\n\n\n<p class=\" eplus-wrapper\"><strong>Cristian Fernando Klein<\/strong>&nbsp;(28\/04\/2014)<br>\u201dA outra face da moeda: a for\u00e7a dos partidos brasileiros na arena eleitoral\u201d<br>Banca: Argelina Maria Cheibub Figueiredo (orientadora), Fabiano Guilherme Mendes Santos (presidente), Ricardo Ceneviva, Fernando Limongi e Pedro Floriano Ribeiro.<\/p>\n\n\n\n<p class=\" eplus-wrapper\"><strong>Daniel Ricardo Castelan<\/strong>&nbsp;(09\/06\/2014)<\/p>\n\n\n\n<p class=\" eplus-wrapper\"><a href=\"http:\/\/iesp.uerj.br\/wp-content\/uploads\/2017\/06\/Tese_Daniel-Castelan.pdf\">\u201cInternacionaliza\u00e7\u00e3o econ\u00f4mica e coaliz\u00f5es pol\u00edticas\u201d<\/a><\/p>\n\n\n\n<p class=\" eplus-wrapper\">Banca: Maria Regina Soares de Lima (orientadora), Fabiano Guilherme Mendes Santos (presidente), Lia Valls Pereira, Andr\u00e9 de Mello e Souza e Ricardo Sennes.<\/p>\n\n\n\n<p class=\" eplus-wrapper\"><strong>Carolina Almeida de Paula<\/strong>&nbsp;(11\/08\/2014)<\/p>\n\n\n\n<p class=\" eplus-wrapper\">\u201cRepresentantes dos estados? Um estudo sobre a representa\u00e7\u00e3o pol\u00edtica dos senadores brasileiros\u201d<\/p>\n\n\n\n<p class=\" eplus-wrapper\">Banca: Fabiano Santos (presidente), Jairo Nicolau (orientador), Argelina Figueiredo, Lucio Renn\u00f3 e Luciana Veiga.<\/p>\n\n\n\n<p class=\" eplus-wrapper\"><strong>Roberta Rodrigues Marques da Silva<\/strong>&nbsp;(11\/08\/2014)<\/p>\n\n\n\n<p class=\" eplus-wrapper\">\u201cInstitui\u00e7\u00f5es, Interesses e Tributa\u00e7\u00e3o no Brasil e na Argentina: o Novo Desenvolvimentismo e os conflitos em torno da agenda tribut\u00e1ria\u201d<\/p>\n\n\n\n<p class=\" eplus-wrapper\">Banca: Maria Regina Soares de Lima (presidente), Renato Raul Boschi (orientador), Celina Maria de Souza, Flavio Alfredo Gait\u00e1n e Mart\u00edn Schorr.<\/p>\n\n\n\n<p class=\" eplus-wrapper\"><strong>Natalia Regina Avila Maciel<\/strong><\/p>\n\n\n\n<p class=\" eplus-wrapper\"><a href=\"http:\/\/iesp.uerj.br\/wp-content\/uploads\/2017\/06\/Tese_Natalia-Maciel.pdf\">\u201cVelhas Raposas, Novos Governistas: o PMDB e a Democracia Brasileira (1979 \u2013 2010)\u201d<\/a><\/p>\n\n\n\n<p class=\" eplus-wrapper\">Banca: Argelina Maria Cheibub Figueiredo (presidente), Gl\u00e1ucio Ary Dillon Soares (orientador), Ricardo Ceneviva, Maria Celina D\u2019Ara\u00fajo e Jairo Cesar Marconi Nicolau.<\/p>\n\n\n\n<p class=\" eplus-wrapper\"><strong>Gustavo Cezar Ribeiro<\/strong>&nbsp;(13\/10\/2014)<\/p>\n\n\n\n<p class=\" eplus-wrapper\"><a href=\"http:\/\/iesp.uerj.br\/wp-content\/uploads\/2017\/06\/Tese-Gustavo-Cezar-Ribeiro.pdf\">\u201cModos da soberania e a quest\u00e3o do poder na teoria pol\u00edtica contempor\u00e2nea\u201d<\/a><\/p>\n\n\n\n<p class=\" eplus-wrapper\">Banca: Cesar Augusto Coelho Guimar\u00e3es (presidente), Renato de Andrade Lessa (orientador), Bernardo Medeiros Ferreira da Silva, Jean-Fran\u00e7ois Kerv\u00e9gan e Catherine Colliot-Th\u00e9l\u00e8ne<\/p>\n\n\n\n<p class=\" eplus-wrapper\"><strong>Thiago Gomide Nasser<\/strong>&nbsp;(18\/11\/2014)<\/p>\n\n\n\n<p class=\" eplus-wrapper\">\u201cPoder e Comer: O Lugar da Pol\u00edtica no Discurso Gastron\u00f4mico\u201d<\/p>\n\n\n\n<p class=\" eplus-wrapper\">Banca: Breno Marques Bringel (presidente), Jo\u00e3o Feres J\u00fanior (orientador), Ricardo Ceneviva, Janine Colla\u00e7o e Luciene Burlandy.<\/p>\n\n\n\n<p class=\" eplus-wrapper\"><strong>Florencia Ant\u00eda Agunin<\/strong>&nbsp;(21\/11\/2014)<\/p>\n\n\n\n<p class=\" eplus-wrapper\"><a href=\"http:\/\/iesp.uerj.br\/wp-content\/uploads\/2017\/06\/Tese-Florencia-Ant%C3%ADa-1.pdf\">\u201cLa din\u00e1mica pol\u00edtica de la redistribuci\u00f3n en Chile y Uruguay en los a\u00f1os 2000\u201d<\/a><\/p>\n\n\n\n<p class=\" eplus-wrapper\">Banca: Maria Regina Soares de Lima (presidente), Renato Raul Boschi (orientador), Argelina Maria Cheibub de Figueiredo, Cesar Zucco Junior e Maria Antonieta Parahyba Leopoldi.<\/p>\n\n\n\n<p class=\" eplus-wrapper\"><strong>B\u00e1rbara Gomes Lamas<\/strong>&nbsp;(24\/11\/2014)<\/p>\n\n\n\n<p class=\" eplus-wrapper\"><a href=\"http:\/\/iesp.uerj.br\/wp-content\/uploads\/2017\/06\/Tese_Barbara-Lamas.pdf\">\u201cEm busca do Desenvolvimento: o papel dos minist\u00e9rios de Rela\u00e7\u00f5es Exteriores na Argentina e no Brasil na d\u00e9cada de 1990\u201d<\/a><\/p>\n\n\n\n<p class=\" eplus-wrapper\">Banca: Cesar Augusto Coelho Guimar\u00e3es (presidente), Maria Regina Soares de Lima (orientadora), Miriam Gomes Saraiva, Leticia de Abreu Pinheiro e Rafael Antonio Duarte Villa.<\/p>\n\n\n\n<p class=\" eplus-wrapper\"><strong>Carlos Frederico de Souza Coelho<\/strong>&nbsp;(09\/12\/2014)<\/p>\n\n\n\n<p class=\" eplus-wrapper\">\u201cO Brasil, o M\u00e9xico e a Prolifera\u00e7\u00e3o de Acordos Comerciais Regionais.\u201d<\/p>\n\n\n\n<p class=\" eplus-wrapper\">Banca: Carlos Roberto Sanchez Milani (presidente), Maria Regina Soares de Lima (orientadora), Lia Valls Pereira, Octavio Amorim Neto e Antonio Ortiz Mena.<\/p>\n\n\n\n<p class=\" eplus-wrapper\"><strong>Lu\u00eds Felipe Guedes da Gra\u00e7a&nbsp;<\/strong>(16\/12\/2014)<\/p>\n\n\n\n<p class=\" eplus-wrapper\"><a href=\"http:\/\/iesp.uerj.br\/wp-content\/uploads\/2017\/06\/Tese_Luis-Felipe-Gra%C3%A7a.pdf\">\u201cIndepend\u00eancia ou irrelev\u00e2ncia? Produ\u00e7\u00e3o legislativa e vetos na Assembleia Legislativa do Estado do Rio de Janeiro (1983-2010)\u201d<\/a><\/p>\n\n\n\n<p class=\" eplus-wrapper\">Banca: Argelina Maria Cheibub Figueiredo (presidente), Fabiano Guilherme Mendes Santos (orientador), Ricardo Ceneviva, Jairo Cesar Marconi Nicolau e Octavio Amorim Neto.<\/p>\n<\/div>\n\n\n\n<div id=\"ep_tab_wrapper__e986553a-f332-4944-b2c5-a22c16af379f\" class=\"ep_tab_item_wrapper ep_tab_wrapper__e986553a-f332-4944-b2c5-a22c16af379f undefined\">\n<p class=\" eplus-wrapper\"><strong>Nelson Domingos Antonio<\/strong>&nbsp;(08\/02\/2013)<\/p>\n\n\n\n<p class=\" eplus-wrapper\"><a href=\"http:\/\/iesp.uerj.br\/wp-content\/uploads\/2017\/06\/Tese_Nelson-Antonio.pdf\">\u201cTransi\u00e7\u00e3o pela transa\u00e7\u00e3o: uma an\u00e1lise da democratiza\u00e7\u00e3o em Angola\u201d<\/a><\/p>\n\n\n\n<p class=\" eplus-wrapper\">Banca: Maria Regina Soares de Lima (presidente), Thamy Pogrebinschi (orientadora), Jos\u00e9 Kalunsiewo Nkosi, Julio Cesar de Tavares e Carlos R. S. Milani.<\/p>\n\n\n\n<p class=\" eplus-wrapper\"><strong>F\u00e1bio Souza Vasconcellos<\/strong>&nbsp;(22\/02\/2013)<\/p>\n\n\n\n<p class=\" eplus-wrapper\"><a href=\"http:\/\/iesp.uerj.br\/wp-content\/uploads\/2017\/06\/Tese_Fabio_Vasconcellos.pdf\">\u201cDo Confronto \u00e0 Concilia\u00e7\u00e3o: Debates Presidenciais na TV como eventos persuasivos de campanha\u201d<\/a><\/p>\n\n\n\n<p class=\" eplus-wrapper\">Banca: Nelson do Valle Silva (presidente), Marcus Figueiredo (orientador), Alessandra Ald\u00e9 (co-orientadora), Fabiano Santos, Afonso Albuquerque e Mauro P. Porto.<\/p>\n\n\n\n<p class=\" eplus-wrapper\"><strong>James Batista Vieira<\/strong>&nbsp;(11\/03\/2013)<\/p>\n\n\n\n<p class=\" eplus-wrapper\"><a href=\"http:\/\/iesp.uerj.br\/wp-content\/uploads\/2017\/06\/Tese_James-Vieira.pdf\">\u201cO Fundamento das Improbidades na Administra\u00e7\u00e3o P\u00fablica Municipal Brasileira\u201d<\/a><\/p>\n\n\n\n<p class=\" eplus-wrapper\">Banca: Fabiano Santos (presidente), Argelina Figueiredo (orientadora), Celina Maria de Souza, Paulo Carlos Du Pin Calmon e Ricardo Wahrendorff Caldas.<\/p>\n\n\n\n<p class=\" eplus-wrapper\"><strong>Fernando Peres Peixoto<\/strong>&nbsp;(18\/03\/2013)<\/p>\n\n\n\n<p class=\" eplus-wrapper\">\u201cInterpretando o Holocausto\u201d<\/p>\n\n\n\n<p class=\" eplus-wrapper\">Banca: Cesar Guimar\u00e3es (presidente), Christian Edward Cyril Lynch (orientador), Luiz Eduardo Soares, Maria Clara Bengemer e Jac\u00f3 C\u00e9sar Piccolli.<\/p>\n\n\n\n<p class=\" eplus-wrapper\"><strong>Gianne Cristina dos Reis Ferreira Mendes<\/strong>&nbsp;(25\/03\/2013)<\/p>\n\n\n\n<p class=\" eplus-wrapper\"><a href=\"http:\/\/iesp.uerj.br\/wp-content\/uploads\/2017\/06\/Tese_Gianne-Reis.pdf\">\u201cMecanismos de combate \u00e0s desigualdades raciais: um estudo de caso sobre o sistema de cotas da Universidade Estadual da Zona Oeste \u2013 UEZO\u201d<\/a><\/p>\n\n\n\n<p class=\" eplus-wrapper\">Banca: Maria Regina Soares de Lima (presidente) Jo\u00e3o Feres J\u00fanior (orientador), Argelina Maria Cheibub Figueiredo, Amauri Mendes Pereira e Andr\u00e9 Brand\u00e3o.<\/p>\n\n\n\n<p class=\" eplus-wrapper\"><strong>Guilherme Sim\u00f5es Reis<\/strong>&nbsp;(19\/04\/2013)<\/p>\n\n\n\n<p class=\" eplus-wrapper\">\u201cAinda a social-democracia? Rediscutindo e aplicando o conceito a partidos competitivos na Am\u00e9rica do Sul e na Europa\u201d<\/p>\n\n\n\n<p class=\" eplus-wrapper\">Banca: Adalberto Cardoso (presidente), Fabiano Santos (orientador), Cesar Guimar\u00e3es, Jens Borchert e Fabricio Pereira da Silva.<\/p>\n\n\n\n<p class=\" eplus-wrapper\"><strong>Marcelo Martins Vieira<\/strong>&nbsp;(20\/05\/2013)<\/p>\n\n\n\n<p class=\" eplus-wrapper\"><a href=\"http:\/\/iesp.uerj.br\/wp-content\/uploads\/2017\/06\/Tese_Marcelo-Martins-Vieira-1.pdf\">\u201cControle Pol\u00edtico da Burocracia no Presidencialismo de Coaliz\u00e3o\u201d<\/a><\/p>\n\n\n\n<p class=\" eplus-wrapper\">Banca: Fabiano Santos (presidente), Argelina Figueiredo (orientadora), Celina Souza, Octavio Amorim Neto e Magna In\u00e1cio.<\/p>\n\n\n\n<p class=\" eplus-wrapper\"><strong>Thais Florencio de Aguiar<\/strong>&nbsp;(10\/06\/2013)<\/p>\n\n\n\n<p class=\" eplus-wrapper\"><a href=\"http:\/\/iesp.uerj.br\/wp-content\/uploads\/2017\/06\/Tese_Thais-Aguiar.pdf\">\u201cUma genealogia de princ\u00edpios de demofilia em concep\u00e7\u00f5es ut\u00f3picas de democratiza\u00e7\u00e3o\u201d<\/a><\/p>\n\n\n\n<p class=\" eplus-wrapper\">Banca: Fr\u00e9d\u00e9ric Vandenberghe (presidente), Cesar Guimar\u00e3es (orientador), Bernardo Ferreira, Marcelo Jasmin e Maur\u00edcio Rocha.<\/p>\n\n\n\n<p class=\" eplus-wrapper\"><strong>Andr\u00e9 Luiz Coelho de Farias de Souza<\/strong>&nbsp;(10\/07\/2013)<\/p>\n\n\n\n<p class=\" eplus-wrapper\">\u201cPor que caem os presidentes? Contesta\u00e7\u00e3o e Perman\u00eancia na Am\u00e9rica Latina\u201d<\/p>\n\n\n\n<p class=\" eplus-wrapper\">Banca: Argelina Figueiredo (presidente), Maria Regina Soares de Lima (orientadora), Fabiano Santos, Charles Pessanha e Octavio Amorim Neto.<\/p>\n\n\n\n<p class=\" eplus-wrapper\"><strong>Mayra Goulart da Silva<\/strong>&nbsp;(28\/08\/2013)<\/p>\n\n\n\n<p class=\" eplus-wrapper\"><a href=\"http:\/\/iesp.uerj.br\/wp-content\/uploads\/2017\/06\/Tese_Mayra-Goulart.pdf\">\u201cEntre C\u00e9sar e o Demos: notas agon\u00edsticas sobre a democracia na Venezuela\u201d<\/a><\/p>\n\n\n\n<p class=\" eplus-wrapper\">Banca: Jo\u00e3o Trajano de Lima Sento-S\u00e9 (presidente), Christian Edward Cyril Lynch (orientador), Jos\u00e9 Eisenberg, Sebasti\u00e3o Carlos Velasco e Cruz e Roberto Viciano Pastor.<\/p>\n\n\n\n<p class=\" eplus-wrapper\"><strong>Paulo Afonso Monteiro Velasco Junior<\/strong>&nbsp;(20\/09\/2013)<\/p>\n\n\n\n<p class=\" eplus-wrapper\"><a href=\"http:\/\/iesp.uerj.br\/wp-content\/uploads\/2017\/06\/Tese_Paulo-Afonso.pdf\">\u201cO Mercosul social: avan\u00e7os e obst\u00e1culos para uma nova din\u00e2mica de integra\u00e7\u00e3o regional\u201d<\/a><\/p>\n\n\n\n<p class=\" eplus-wrapper\">Banca: Maria Regina Soares de Lima (presidente), Cesar Guimar\u00e3es (orientador), Miriam Gomes Saraiva, Ingrid Piera Andersen Sarti, e Maur\u00edcio Santoro Rocha.<\/p>\n\n\n\n<p class=\" eplus-wrapper\"><strong>Marcelo Henrique Nogueira Diana<\/strong>(07\/10\/2013)<\/p>\n\n\n\n<p class=\" eplus-wrapper\"><a href=\"http:\/\/iesp.uerj.br\/wp-content\/uploads\/2017\/06\/Tese_Marcelo-Diana.pdf\">\u201cO dem\u00f4nio familiar: pensamento social e psiquismo em Os sert\u00f5es\u201d<\/a><\/p>\n\n\n\n<p class=\" eplus-wrapper\">Banca: Jos\u00e9 Eisenberg (presidente), Christian Edward Cyril Lynch (orientador), Helena Maria Bousquet Bomeny, Glaucia Kruse Villas B\u00f4as e Luiz de Fran\u00e7a Costa Lima Filho.<\/p>\n\n\n\n<p class=\" eplus-wrapper\"><strong>Wendel Antunes Cintra<\/strong>&nbsp;(25\/10\/2013)<\/p>\n\n\n\n<p class=\" eplus-wrapper\"><a href=\"http:\/\/iesp.uerj.br\/wp-content\/uploads\/2017\/06\/Tese_Wendel-Antunes-Cintra.pdf\">\u201cQual democracia? O governo do povo no pensamento pol\u00edtico brasileiro (1914-1945)\u201d<\/a><\/p>\n\n\n\n<p class=\" eplus-wrapper\">Banca: Jo\u00e3o Feres J\u00fanior (presidente), Marcelo Gantus Jasmin (orientador), Christian Edward Cyril Lynch, Maria Fernanda Lombardi e Jos\u00e9 Almino de Alencar e Silva Neto.<\/p>\n\n\n\n<p class=\" eplus-wrapper\"><strong>Iara Costa Leite<\/strong>&nbsp;(13\/11\/2013)<\/p>\n\n\n\n<p class=\" eplus-wrapper\">\u201cO envolvimento da Embrapa e do Senai na Coopera\u00e7\u00e3o Sul-Sul: da indu\u00e7\u00e3o \u00e0 busca pela retroalimenta\u00e7\u00e3o\u201d<\/p>\n\n\n\n<p class=\" eplus-wrapper\">Banca: Carlos Roberto Sanchez Milani (presidente), Maria Regina Soares de Lima (orientadora), Miriam Gomes Saraiva, Jos\u00e9 Fl\u00e1vio Sombra Saraiva e Let\u00edcia de Abreu Pinheiro.<\/p>\n\n\n\n<p class=\" eplus-wrapper\"><strong>Daniela Tranches de Melo<\/strong>&nbsp;(29\/11\/2013)<\/p>\n\n\n\n<p class=\" eplus-wrapper\"><a href=\"http:\/\/iesp.uerj.br\/wp-content\/uploads\/2017\/06\/Tese_Daniela-Tranches-de-Melo.pdf\">\u201cA influ\u00eancia dos movimentos sociais na normatiza\u00e7\u00e3o e efetiva\u00e7\u00e3o das pol\u00edticas p\u00fablicas: a experi\u00eancia do Movimento Sanit\u00e1rio e do Sistema \u00danico de Sa\u00fade\u201d<\/a><\/p>\n\n\n\n<p class=\" eplus-wrapper\">Banca: Breno Bringel (presidente), Jos\u00e9 Maur\u00edcio de Castro Domingues da Silva (orientador), Elizabeth Stein, Maria Helena Magalh\u00e3es de Mendon\u00e7a e Silvia Victoria Gerschman de Leis.<\/p>\n\n\n\n<p class=\" eplus-wrapper\"><strong>Clarisse Toscano de Ara\u00fajo Gurgel<\/strong>&nbsp;(03\/12\/2013)<\/p>\n\n\n\n<p class=\" eplus-wrapper\">\u201cO espelho do invis\u00edvel: A constitui\u00e7\u00e3o do sujeito revolucion\u00e1rio em tempos de a\u00e7\u00e3o perform\u00e1tica\u201d<\/p>\n\n\n\n<p class=\" eplus-wrapper\">Banca: Fr\u00e9d\u00e9ric Raoul Nadine Marie Vandenberghe (presidente), Cesar Augusto Coelho Guimar\u00e3es (orientador), Breno Marques Bringel, Gis\u00e1lio Cerqueira Filho e Ricardo Luiz Coltro Antunes.<\/p>\n<\/div>\n<\/div><style>.eplus_styles .ep_tabs_wrapper__66cf3ace-bc85-4d95-b7cc-77c1d8970afc .ep_tabs_header {\n                \n                flex-basis: 15% ;\n            }.eplus_styles .ep_tabs_wrapper__66cf3ace-bc85-4d95-b7cc-77c1d8970afc .ep_tabs_root {\n                \n                gap: 0px ;\n            }.eplus_styles .ep_tabs_wrapper__66cf3ace-bc85-4d95-b7cc-77c1d8970afc .ep_label {\n                \n                color: #1e1e1e;\nfont-size: 17px ;\n            }\n            \n\n        \n\n         \n\n        \n        \n      .eplus_styles  .ep_label_main:hover .ep_label {\n        color: #ffffff;\n      }.eplus_styles .ep_tabs_wrapper__66cf3ace-bc85-4d95-b7cc-77c1d8970afc .ep_sub_label {\n                \n                color: #1e1e1e;\nfont-size: 15px ;\n            }\n            \n\n        \n\n         \n\n        \n        \n      .eplus_styles  .ep_label_main:hover .ep_sub_label {\n        color: #ffffff;\n      }.eplus_styles .ep_tabs_wrapper__66cf3ace-bc85-4d95-b7cc-77c1d8970afc .ep_active_tab .ep_label {\n                \n                color: #ffffff;\n            }.eplus_styles .ep_tabs_wrapper__66cf3ace-bc85-4d95-b7cc-77c1d8970afc .ep_active_tab .ep_sub_label {\n                \n                color: #ffffff;\n            }.eplus_styles .ep_tabs_wrapper__66cf3ace-bc85-4d95-b7cc-77c1d8970afc .ep_label_main {\n                \n                background-image: linear-gradient(#f0f0f0, #f0f0f0);\n            }\n            \n\n        \n\n         \n\n        \n            .eplus_styles .ep_tabs_wrapper__66cf3ace-bc85-4d95-b7cc-77c1d8970afc .ep_label_main:hover {\n                background-image: linear-gradient(#007cba, #007cba);\n            }.eplus_styles .ep_tabs_wrapper__66cf3ace-bc85-4d95-b7cc-77c1d8970afc .ep_active_tab {\n                \n                background-image: linear-gradient(#007cba, #007cba);\n            }.eplus_styles .ep_tabs_wrapper__66cf3ace-bc85-4d95-b7cc-77c1d8970afc .ep_tab_item_wrapper {\n                \n                background-image: linear-gradient(#f0f0f0, #f0f0f0);\n            }.eplus_styles .ep_tabs_wrapper__66cf3ace-bc85-4d95-b7cc-77c1d8970afc .ep_label_main {\n                \n                padding-top: 15px ;\npadding-right: 15px ;\npadding-bottom: 15px ;\npadding-left: 15px ;\n            }.eplus_styles .ep_tabs_wrapper__66cf3ace-bc85-4d95-b7cc-77c1d8970afc .ep_tab_item_wrapper {\n                \n                padding-top: 15px ;\npadding-right: 15px ;\npadding-bottom: 15px ;\npadding-left: 15px ;\n            }.eplus_styles .ep_tabs_wrapper__66cf3ace-bc85-4d95-b7cc-77c1d8970afc .ep_tabs_header {\n                \n                gap: 5px ;\n            }.eplus_styles .ep_tabs_wrapper__66cf3ace-bc85-4d95-b7cc-77c1d8970afc .ep_tabs_header {\n                \n                justify-content: flex-start;\n            }<\/style><\/div><\/div>\n","protected":false},"excerpt":{"rendered":"","protected":false},"author":2,"featured_media":0,"parent":18920,"menu_order":0,"comment_status":"closed","ping_status":"closed","template":"","meta":{"_coblocks_attr":"","_coblocks_dimensions":"","_coblocks_responsive_height":"","_coblocks_accordion_ie_support":"","inline_featured_image":false},"blocksy_meta":{"styles_descriptor":{"styles":{"desktop":"","tablet":"","mobile":""},"google_fonts":[],"version":5},"page_title_panel":"","has_hero_section":"default","c6823c0f9744d845e99d601c25fe152f":"","hero_section":"type-1","hero_elements":[{"id":"custom_title","enabled":true,"heading_tag":"h1","title":"P\u00e1gina inicial"},{"id":"custom_description","enabled":true,"description_visibility":{"desktop":true,"tablet":true,"mobile":false}},{"id":"custom_meta","enabled":false,"meta_elements":[{"id":"author","enabled":true,"label":"Por","has_author_avatar":"yes","avatar_size":25},{"id":"post_date","enabled":true,"label":"Em","date_format_source":"default","date_format":"M j, Y"},{"id":"updated_date","enabled":false,"label":"Em","date_format_source":"default","date_format":"M j, Y"},{"id":"categories","enabled":false,"label":"Em","style":"simple"},{"id":"comments","enabled":true}],"page_meta_elements":{"joined":true,"articles_count":true,"comments":true}},{"id":"breadcrumbs","enabled":false}],"663d76482f6bff024c329b27e80b0ebb":"","hero_alignment1":"CT_CSS_SKIP_RULE","hero_margin":40,"hero_alignment2":"center","hero_vertical_alignment":"center","dbd9d1d2643e02121ef2e421c90eb2be":"","hero_structure":"narrow","a01aa4dec919ba803ff8794c5e442ef5":"","page_title_bg_type":"featured_image","custom_hero_background":{"attachment_id":null},"parallax":{"desktop":false,"tablet":false,"mobile":false},"a76bd0294f7a730760b49e94eade1a4d":"","hero_height":"250px","pageTitleFont":{"family":"Default","variation":"Default","size":"30px","line-height":"CT_CSS_SKIP_RULE","letter-spacing":"CT_CSS_SKIP_RULE","text-transform":"CT_CSS_SKIP_RULE","text-decoration":"CT_CSS_SKIP_RULE"},"pageTitleFontColor":{"default":{"color":"CT_CSS_SKIP_RULEDEFAULT"}},"pageMetaFont":{"family":"Default","variation":"n6","size":"12px","line-height":"1.3","letter-spacing":"CT_CSS_SKIP_RULE","text-transform":"uppercase","text-decoration":"CT_CSS_SKIP_RULE"},"pageMetaFontColor":{"default":{"color":"CT_CSS_SKIP_RULEDEFAULT"},"hover":{"color":"CT_CSS_SKIP_RULEDEFAULT"}},"page_meta_button_type_font_colors":{"default":{"color":"CT_CSS_SKIP_RULEDEFAULT"},"hover":{"color":"CT_CSS_SKIP_RULEDEFAULT"}},"page_meta_button_type_background_colors":{"default":{"color":"CT_CSS_SKIP_RULEDEFAULT"},"hover":{"color":"CT_CSS_SKIP_RULEDEFAULT"}},"pageExcerptFont":{"family":"Default","variation":"Default","size":"CT_CSS_SKIP_RULE","line-height":"CT_CSS_SKIP_RULE","letter-spacing":"CT_CSS_SKIP_RULE","text-transform":"CT_CSS_SKIP_RULE","text-decoration":"CT_CSS_SKIP_RULE"},"pageExcerptColor":{"default":{"color":"CT_CSS_SKIP_RULEDEFAULT"}},"breadcrumbsFont":{"family":"Default","variation":"Default","size":"CT_CSS_SKIP_RULE","line-height":"CT_CSS_SKIP_RULE","letter-spacing":"CT_CSS_SKIP_RULE","text-transform":"CT_CSS_SKIP_RULE","text-decoration":"CT_CSS_SKIP_RULE"},"breadcrumbsFontColor":{"default":{"color":"CT_CSS_SKIP_RULEDEFAULT"},"initial":{"color":"CT_CSS_SKIP_RULEDEFAULT"},"hover":{"color":"CT_CSS_SKIP_RULEDEFAULT"}},"acf_field_hero_elements":"","typography":{"family":"Default","variation":"Default","size":"CT_CSS_SKIP_RULE","line-height":"CT_CSS_SKIP_RULE","letter-spacing":"CT_CSS_SKIP_RULE","text-transform":"CT_CSS_SKIP_RULE","text-decoration":"CT_CSS_SKIP_RULE"},"color":{"default":{"color":"CT_CSS_SKIP_RULEDEFAULT"},"hover":{"color":"CT_CSS_SKIP_RULEDEFAULT"}},"metabox_field_hero_elements":"","toolset_field_hero_elements":"","jetengine_field_hero_elements":"","custom_field_hero_elements":"","pageTitleOverlay":{"background_type":"color","background_pattern":"type-1","background_image":{"attachment_id":null,"x":0,"y":0},"gradient":"linear-gradient(135deg,rgba(6,147,227,1) 0%,rgb(155,81,224) 100%)","background_repeat":"repeat","background_size":"auto","background_attachment":"scroll","patternColor":{"default":{"color":"#e5e7ea"}},"overlayColor":{"default":{"color":"CT_CSS_SKIP_RULE"}},"backgroundColor":{"default":{"color":"CT_CSS_SKIP_RULE"}}},"pageTitleBackground":{"background_type":"color","background_pattern":"type-1","background_image":{"attachment_id":null,"x":0,"y":0},"gradient":"linear-gradient(135deg,rgba(6,147,227,1) 0%,rgb(155,81,224) 100%)","background_repeat":"repeat","background_size":"auto","background_attachment":"scroll","patternColor":{"default":{"color":"#e5e7ea"}},"overlayColor":{"default":{"color":"CT_CSS_SKIP_RULE"}},"backgroundColor":{"default":{"color":"var(--paletteColor6)"}}},"pageTitlePadding":{"top":"50px","bottom":"50px","left":"auto","right":"auto","linked":true},"88eab29bf344ece503bbb337640afb8e":"","page_structure_type":"type-2","0dbe6f0e12cd40235cf755f628dcecd8":"","content_style_source":"inherit","content_style":"wide","vertical_spacing_source":"inherit","content_area_spacing":"both","background":{"background_type":"color","background_pattern":"type-1","background_image":{"attachment_id":null,"x":0,"y":0},"gradient":"linear-gradient(135deg,rgba(6,147,227,1) 0%,rgb(155,81,224) 100%)","background_repeat":"repeat","background_size":"auto","background_attachment":"scroll","patternColor":{"default":{"color":"#e5e7ea"}},"overlayColor":{"default":{"color":"CT_CSS_SKIP_RULE"}},"backgroundColor":{"default":{"color":"CT_CSS_SKIP_RULE"}}},"content_background":{"background_type":"color","background_pattern":"type-1","background_image":{"attachment_id":null,"x":0,"y":0},"gradient":"linear-gradient(135deg,rgba(6,147,227,1) 0%,rgb(155,81,224) 100%)","background_repeat":"repeat","background_size":"auto","background_attachment":"scroll","patternColor":{"default":{"color":"#e5e7ea"}},"overlayColor":{"default":{"color":"CT_CSS_SKIP_RULE"}},"backgroundColor":{"default":{"color":"var(--paletteColor8)"}}},"content_boxed_shadow":{"inherit":false,"blur":18,"spread":-6,"v_offset":12,"h_offset":0,"inset":false,"enable":true,"color":{"color":"rgba(34, 56, 101, 0.04)"}},"boxed_content_spacing":{"desktop":{"top":"40px","bottom":"40px","left":"40px","right":"40px","linked":true},"tablet":{"top":"35px","bottom":"35px","left":"35px","right":"35px","linked":true},"mobile":{"top":"20px","bottom":"20px","left":"20px","right":"20px","linked":true}},"content_boxed_radius":{"top":"3px","bottom":"3px","left":"3px","right":"3px","linked":true},"b37d435439f98855742586ecc723051b":"","disable_featured_image":"no","disable_share_box":"no","disable_header":"no","disable_footer":"no","f97e31bbb584ed92135312409c9b6924":"","header_footer_scripts_panel":"","header_scripts":"","11c7ef383264e0c244fefa5fc5a352f1":"","header_after_body_scripts":"","b7fab63aee75e2a59e9bf402cd30c298":"","footer_scripts":""},"acf":[],"yoast_head":"<!-- This site is optimized with the Yoast SEO plugin v20.3 - https:\/\/yoast.com\/wordpress\/plugins\/seo\/ -->\n<title>Political Science PhD Theses - IESP<\/title>\n<meta name=\"robots\" content=\"index, follow, max-snippet:-1, max-image-preview:large, max-video-preview:-1\" \/>\n<link rel=\"canonical\" href=\"https:\/\/iesp.uerj.br\/en\/phd-and-master-dissertations\/political-science-phd-theses\/\" \/>\n<meta property=\"og:locale\" content=\"en_US\" \/>\n<meta property=\"og:type\" content=\"article\" \/>\n<meta property=\"og:title\" content=\"Political Science PhD Theses - IESP\" \/>\n<meta property=\"og:url\" content=\"https:\/\/iesp.uerj.br\/en\/phd-and-master-dissertations\/political-science-phd-theses\/\" \/>\n<meta property=\"og:site_name\" content=\"IESP\" \/>\n<meta property=\"article:modified_time\" content=\"2022-05-12T20:54:48+00:00\" \/>\n<meta name=\"twitter:card\" content=\"summary_large_image\" \/>\n<meta name=\"twitter:label1\" content=\"Est. reading time\" \/>\n\t<meta name=\"twitter:data1\" content=\"29 minutes\" \/>\n<script type=\"application\/ld+json\" class=\"yoast-schema-graph\">{\"@context\":\"https:\/\/schema.org\",\"@graph\":[{\"@type\":\"WebPage\",\"@id\":\"https:\/\/iesp.uerj.br\/en\/phd-and-master-dissertations\/political-science-phd-theses\/\",\"url\":\"https:\/\/iesp.uerj.br\/en\/phd-and-master-dissertations\/political-science-phd-theses\/\",\"name\":\"Political Science PhD Theses - IESP\",\"isPartOf\":{\"@id\":\"\/#website\"},\"datePublished\":\"2022-05-12T18:47:36+00:00\",\"dateModified\":\"2022-05-12T20:54:48+00:00\",\"breadcrumb\":{\"@id\":\"https:\/\/iesp.uerj.br\/en\/phd-and-master-dissertations\/political-science-phd-theses\/#breadcrumb\"},\"inLanguage\":\"en-US\",\"potentialAction\":[{\"@type\":\"ReadAction\",\"target\":[\"https:\/\/iesp.uerj.br\/en\/phd-and-master-dissertations\/political-science-phd-theses\/\"]}]},{\"@type\":\"BreadcrumbList\",\"@id\":\"https:\/\/iesp.uerj.br\/en\/phd-and-master-dissertations\/political-science-phd-theses\/#breadcrumb\",\"itemListElement\":[{\"@type\":\"ListItem\",\"position\":1,\"name\":\"In\u00edcio\",\"item\":\"https:\/\/iesp.uerj.br\/en\/\"},{\"@type\":\"ListItem\",\"position\":2,\"name\":\"PhD and Master Dissertations\",\"item\":\"https:\/\/iesp.uerj.br\/en\/phd-and-master-dissertations\/\"},{\"@type\":\"ListItem\",\"position\":3,\"name\":\"Political Science PhD Theses\"}]},{\"@type\":\"WebSite\",\"@id\":\"\/#website\",\"url\":\"\/\",\"name\":\"IESP\",\"description\":\"Instituto de Estudos Sociais e Pol\u00edticos\",\"publisher\":{\"@id\":\"\/#organization\"},\"potentialAction\":[{\"@type\":\"SearchAction\",\"target\":{\"@type\":\"EntryPoint\",\"urlTemplate\":\"\/?s={search_term_string}\"},\"query-input\":\"required name=search_term_string\"}],\"inLanguage\":\"en-US\"},{\"@type\":\"Organization\",\"@id\":\"\/#organization\",\"name\":\"IESP\",\"url\":\"\/\",\"logo\":{\"@type\":\"ImageObject\",\"inLanguage\":\"en-US\",\"@id\":\"\/#\/schema\/logo\/image\/\",\"url\":\"https:\/\/iesp.uerj.br\/wp-content\/uploads\/2022\/07\/Logo-iesp-uerj-azul.svg\",\"contentUrl\":\"https:\/\/iesp.uerj.br\/wp-content\/uploads\/2022\/07\/Logo-iesp-uerj-azul.svg\",\"caption\":\"IESP\"},\"image\":{\"@id\":\"\/#\/schema\/logo\/image\/\"}}]}<\/script>\n<!-- \/ Yoast SEO plugin. -->","yoast_head_json":{"title":"Political Science PhD Theses - IESP","robots":{"index":"index","follow":"follow","max-snippet":"max-snippet:-1","max-image-preview":"max-image-preview:large","max-video-preview":"max-video-preview:-1"},"canonical":"https:\/\/iesp.uerj.br\/en\/phd-and-master-dissertations\/political-science-phd-theses\/","og_locale":"en_US","og_type":"article","og_title":"Political Science PhD Theses - IESP","og_url":"https:\/\/iesp.uerj.br\/en\/phd-and-master-dissertations\/political-science-phd-theses\/","og_site_name":"IESP","article_modified_time":"2022-05-12T20:54:48+00:00","twitter_card":"summary_large_image","twitter_misc":{"Est. reading time":"29 minutes"},"schema":{"@context":"https:\/\/schema.org","@graph":[{"@type":"WebPage","@id":"https:\/\/iesp.uerj.br\/en\/phd-and-master-dissertations\/political-science-phd-theses\/","url":"https:\/\/iesp.uerj.br\/en\/phd-and-master-dissertations\/political-science-phd-theses\/","name":"Political Science PhD Theses - IESP","isPartOf":{"@id":"\/#website"},"datePublished":"2022-05-12T18:47:36+00:00","dateModified":"2022-05-12T20:54:48+00:00","breadcrumb":{"@id":"https:\/\/iesp.uerj.br\/en\/phd-and-master-dissertations\/political-science-phd-theses\/#breadcrumb"},"inLanguage":"en-US","potentialAction":[{"@type":"ReadAction","target":["https:\/\/iesp.uerj.br\/en\/phd-and-master-dissertations\/political-science-phd-theses\/"]}]},{"@type":"BreadcrumbList","@id":"https:\/\/iesp.uerj.br\/en\/phd-and-master-dissertations\/political-science-phd-theses\/#breadcrumb","itemListElement":[{"@type":"ListItem","position":1,"name":"In\u00edcio","item":"https:\/\/iesp.uerj.br\/en\/"},{"@type":"ListItem","position":2,"name":"PhD and Master Dissertations","item":"https:\/\/iesp.uerj.br\/en\/phd-and-master-dissertations\/"},{"@type":"ListItem","position":3,"name":"Political Science PhD Theses"}]},{"@type":"WebSite","@id":"\/#website","url":"\/","name":"IESP","description":"Instituto de Estudos Sociais e Pol\u00edticos","publisher":{"@id":"\/#organization"},"potentialAction":[{"@type":"SearchAction","target":{"@type":"EntryPoint","urlTemplate":"\/?s={search_term_string}"},"query-input":"required name=search_term_string"}],"inLanguage":"en-US"},{"@type":"Organization","@id":"\/#organization","name":"IESP","url":"\/","logo":{"@type":"ImageObject","inLanguage":"en-US","@id":"\/#\/schema\/logo\/image\/","url":"https:\/\/iesp.uerj.br\/wp-content\/uploads\/2022\/07\/Logo-iesp-uerj-azul.svg","contentUrl":"https:\/\/iesp.uerj.br\/wp-content\/uploads\/2022\/07\/Logo-iesp-uerj-azul.svg","caption":"IESP"},"image":{"@id":"\/#\/schema\/logo\/image\/"}}]}},"_links":{"self":[{"href":"https:\/\/iesp.uerj.br\/en\/wp-json\/wp\/v2\/pages\/18923"}],"collection":[{"href":"https:\/\/iesp.uerj.br\/en\/wp-json\/wp\/v2\/pages"}],"about":[{"href":"https:\/\/iesp.uerj.br\/en\/wp-json\/wp\/v2\/types\/page"}],"author":[{"embeddable":true,"href":"https:\/\/iesp.uerj.br\/en\/wp-json\/wp\/v2\/users\/2"}],"replies":[{"embeddable":true,"href":"https:\/\/iesp.uerj.br\/en\/wp-json\/wp\/v2\/comments?post=18923"}],"version-history":[{"count":4,"href":"https:\/\/iesp.uerj.br\/en\/wp-json\/wp\/v2\/pages\/18923\/revisions"}],"predecessor-version":[{"id":18964,"href":"https:\/\/iesp.uerj.br\/en\/wp-json\/wp\/v2\/pages\/18923\/revisions\/18964"}],"up":[{"embeddable":true,"href":"https:\/\/iesp.uerj.br\/en\/wp-json\/wp\/v2\/pages\/18920"}],"wp:attachment":[{"href":"https:\/\/iesp.uerj.br\/en\/wp-json\/wp\/v2\/media?parent=18923"}],"curies":[{"name":"wp","href":"https:\/\/api.w.org\/{rel}","templated":true}]}}